{"id":1811,"date":"2016-02-10T21:04:40","date_gmt":"2016-02-10T21:04:40","guid":{"rendered":"http:\/\/www.cofarco.com.ar\/web\/?page_id=124"},"modified":"2018-11-21T11:38:04","modified_gmt":"2018-11-21T11:38:04","slug":"quienes-somos","status":"publish","type":"page","link":"https:\/\/cofarco.com.ar\/ar\/quienes-somos\/","title":{"rendered":"Quienes Somos"},"content":{"rendered":"<div class=\"container section-title-container\" ><h4 class=\"section-title section-title-normal\"><b><\/b><span class=\"section-title-main\" style=\"color:rgb(26, 45, 71);\">Nosotros<\/span><b><\/b><\/h4><\/div>\n<p>Colegio de Farmac\u00e9uticos de Corrientes (1945)<br \/>\n<strong>Siete d\u00e9cadas de historia en la Sociedad Correntina<\/strong><\/p>\n<p>Con el prop\u00f3sito de defender la salud p\u00fablica, de colaborar con las autoridades competentes y de estrechar v\u00ednculos profesionales de ordenes cient\u00edficos y sociales con sus pares de todo el pa\u00eds, el 12 de octubre de 1943 se constituy\u00f3 una Asociaci\u00f3n de Profesionales Farmac\u00e9uticos y doctores en Bioqu\u00edmica que se denomin\u00f3 \u201cColegio de Farmac\u00e9uticos y Bioqu\u00edmicos de la Provincia de Corrientes\u201d.<\/p>\n<p>El hecho tuvo una memorable trascendencia en los profesionales de aquella \u00e9poca que encontraron en la colegiaci\u00f3n un espacio desde donde regular y respaldar la pr\u00e1ctica de la profesi\u00f3n, proteger y defender los derechos leg\u00edtimos de los colegiados, promover la capacitaci\u00f3n y el perfeccionamiento en todo el territorio correntino y propugnar medidas de car\u00e1cter social, en la b\u00fasqueda de la promoci\u00f3n de la cultura y del bien social.<\/p>\n<p>El acta constitutiva se firm\u00f3 en el inolvidable Hotel Buenos Aires, con la presencia de Pedro Harvey Silva, Juan B. Ocanto, Rogelio Isatta, Ricardo Aguilar, Dr. Mario Romero, Ernesto J. Dolder, Domingo Posadas, Rene Borderes, Francisco Scaramellini, Olga Pisariello, Antonio Fern\u00e1ndez Lacour, Mauricio Schepiurka, Giffani, Mauricio Alperin, Felipe Pinsker, Dr. Gregaro Velazquez; y contando con la adhesi\u00f3n postal y telegr\u00e1fica de los siguientes profesionales del interior de la provincia: Ernestina Crosta de Giorgetti, Bernardina Nidd Leguiza, Maria T. Belcastro de L\u00f3pez Torres, M. Matilde Y. de Muchnik, Jos\u00e9 J. Robert, Roberto Kairuz, Amilcar O. Mart\u00ednez, Samuel Fern\u00e1ndez, Kisak Eulmezian y Pedro Bruzzo.<\/p>\n<p>En ese mismo acto, y con el voto secreto, los presentes eligieron a la primera Comisi\u00f3n Directiva. Tras la votaci\u00f3n, Pedro Harvey Silva\u00a0 result\u00f3 Presidente; el\u00a0 Dr. Mario Romero, Vicepresidente; Ernesto J. Dolder,\u00a0 Secretario De Actas; Domingo Posadas, Secretario; y como vocales, Juan B. Ocanto, Rogelio Isetta, Ricardo Aguilar, Mauricio Schepiurka y Leonardo Verrastro.<\/p>\n<p>El 10 de mayo de 1945, en una Asamblea Extraordinaria realizada en el sal\u00f3n alto del Rex Bar, bajo la presidencia de don Pedro Harvey Silva, se aprob\u00f3 el Primer Estatuto del Colegio de Farmac\u00e9uticos y Bioqu\u00edmicos de la Provincia de Corrientes. All\u00ed se especific\u00f3 que la entidad tendr\u00eda sede en la capital de Corrientes, agrupando a todos los colegas de la provincia con el fin de defender los intereses de la profesi\u00f3n y de propender al mejoramiento de la misma y de una legislaci\u00f3n que contemple los principios fundamentales de la clase farmac\u00e9utica y bioqu\u00edmica, velar por el cumplimiento de los principios \u00e9ticos profesionales, fomentar el esp\u00edritu solidario, cooperar al mejoramiento cultural de la sociedad, gestionar la representaci\u00f3n profesional y la implantaci\u00f3n de la colegiaci\u00f3n oficial obligatoria, asesorar a las autoridades universitarias, propiciar la creaci\u00f3n de un organismo para el seguro mutual y de una biblioteca cient\u00edfico \u2013 profesional, entre otros puntos.<\/p>\n<p>En poco tiempo, el organismo fue ganando socios. De los 27 socios fundadores que se registraron en Actas en 1943, para el a\u00f1o siguiente, eran m\u00e1s de 50.<\/p>\n<p>Al tiempo que crec\u00eda la instituci\u00f3n, ganaba peso en la sociedad correntina. Y en 1945, por Decreto Provincial 325\/45, obtiene personer\u00eda jur\u00eddica, adopt\u00e1ndose ese a\u00f1o para la celebraci\u00f3n de los posteriores aniversarios.<\/p>\n<p>En 1954, a\u00f1o en el que el Colegio se adhiere a la Confederaci\u00f3n Farmac\u00e9utica Argentina, fue electo presidente de la Comisi\u00f3n Directiva Silvano Capara, quien ocup\u00f3 el cargo hasta 1956. Durante ese tiempo, y hasta 1961, las reuniones del cuerpo directivo se realizaban en un local perteneciente a la Apicc, ubicado en Salta 1.002.<\/p>\n<p>La actividad de la instituci\u00f3n en favor del desarrollo de la profesi\u00f3n fue intensa desde sus inicios, embanderando numerosos reclamos y proyectos para la mejora del ejercicio profesional. En 1955, por ejemplo, solicita la derogaci\u00f3n del Decreto correspondiente a la Libre Propiedad de la Farmacia. Tambi\u00e9n manten\u00eda un activo compromiso social, atento a las demandas del momento. Fue as\u00ed como en ese mismo a\u00f1o, se decide contribuir a la cooperadora del Hospital Llano con la suma de 4800 pesos para mantener una cama por el t\u00e9rmino de un a\u00f1o.<\/p>\n<p>Leonardo Verrastro fue electo presidente del Colegio en 1956. Cumpli\u00f3 esa funci\u00f3n hasta 1.958. En ese a\u00f1o, la instituci\u00f3n gestion\u00f3 la no venta directa de medicamentos al p\u00fablico por parte de las droguer\u00edas, mientras que al a\u00f1o siguiente, en el mes de octubre, se realiz\u00f3 la primera modificaci\u00f3n del Estatuto. Fue por ese entonces, cuando se comenzaron a realizar colectas entre los socios con el fin de recaudar fondos para viajes y gestiones de representaci\u00f3n relacionadas al ejercicio de la profesi\u00f3n.<\/p>\n<p>A Verrastro lo sucedi\u00f3 en la presidencia Zelmar Leale, cuya gesti\u00f3n se extendi\u00f3 desde 1959 y hasta 1970. Diversos hechos marcaron ese periodo. En 1960, se resuelve no vender productos de ciertos laboratorios por no dar margen de ganancia a las farmacias. Asimismo, en Corrientes se intenta equipara al Id\u00f3neo con el Farmac\u00e9utico para dirigir la farmacia, situaci\u00f3n que gener\u00f3 el rechazo rotundo del sector.<\/p>\n<p>Para julio de 1961, seg\u00fan consta en Actas, se avizora una precaria situaci\u00f3n econ\u00f3mica en el Colegio. A partir de ese a\u00f1o y hasta 1963, las reuniones y gestiones administrativas tuvieron como sede a otra dependencia de la Apicc, ubicada en Salta 779. Luego, y hasta el 71, funcion\u00f3 en el local que Cooperativa Farmac\u00e9utica ten\u00eda por calle Mendoza\u00a0 1065.<\/p>\n<p>Con el prop\u00f3sito de estar m\u00e1s cerca de los socios del interior de la provincia, en 1964 se crea en Goya el Colegio Zonal con jurisdicci\u00f3n en Esquina, Bella Vista y Santa Luc\u00eda.<\/p>\n<p>El compromiso social del Colegio qued\u00f3 marcado en todas las etapas de su historia, a trav\u00e9s de numerosas donaciones que se realizaban antes y ahora a fin de asistir a las poblaciones o sectores de bajos recursos. Ese mismo deber, tuvo su correlato ante hechos pol\u00edticos y sociales que conmovieron a la comunidad, como sucedi\u00f3 en mayo de 1969, luego del asesinato del joven estudiante Juan Jos\u00e9 Cabral. Tras el lamentable hecho, el Colegio particip\u00f3 solidaria y humanamente con las tradiciones universitarias, ofreciendo medicamentos y apoyo moral, y repudiando el accionar policial con un comunicado de prensa.<\/p>\n<p>En junio de 1969, invitado por Salud P\u00fablica, el Colegio particip\u00f3 de la confecci\u00f3n del reglamento de Ley de Farmacias n\u00ba 17.565. Al a\u00f1o siguiente, en 1970 fue electo presidente Isaac Plotkin, cumpliendo una de las gestiones m\u00e1s extensas en la historia institucional. Es que estuvo al frente del Colegio a lo largo de 16 a\u00f1os.<\/p>\n<p>En 1971, Cooperativa Farmac\u00e9utica se traslada a Santa Fe 1178, y el Colegio tambi\u00e9n se muda a esa direcci\u00f3n, ocupando una parte de su dependencia hasta 1980. Tambi\u00e9n en el 71, se form\u00f3 una comisi\u00f3n para estudiarla derogaci\u00f3n de la ley 17.565.<\/p>\n<p>En esa misma d\u00e9cada, el Colegio intensifica las gestiones para la designaci\u00f3n de un inspector de Farmacias en Salud P\u00fablica. En 1973, se festeja el 30\u00ba aniversario del Colegio recibiendo por parte de los laboratorios importantes mobiliarios como ser escritores, e insumos tales como ficheros, carpetas forradas en cuero, entre otras.<\/p>\n<p>Todo suced\u00eda de manera vertiginosa. La sociedad cambiaba, crec\u00eda y la instituci\u00f3n le segu\u00eda el ritmo. En 1974 se firma con PAMI el contrato de exclusividad en el despacho de la Ministra de Bienestar Social, Emma Tacta de Romero, como testigo. Ese a\u00f1o se le plantea a dicha funcionaria la posibilidad de una colegiaci\u00f3n obligatoria.<\/p>\n<p>Tras el golpe de Estado de 1976, suceden dos hechosque dejaron su huella en el recuerdo de quienes trabajaron en ese entonces en la instituci\u00f3n. En primer lugar, el gobierno de facto congel\u00f3 por un tiempolas cuentas del Colegio hasta determinar mediante investigaci\u00f3n si se trataba de una entidad privada. Por otra parte, y tambi\u00e9n a consecuencia de la situaci\u00f3n pol\u00edtica,\u00a0 se recibe como pr\u00e9stamo, por parte de la Uni\u00f3n C\u00edvica Radical, un mime\u00f3grafo, artefacto que agiliz\u00f3 por completo las gestiones al facilitar la copia de documentaci\u00f3n y comunicados para las farmacias.<\/p>\n<h3>La primera casa propia<\/h3>\n<p>Con la situaci\u00f3n econ\u00f3mica regularizada, en 1979 se logra adquirir un edificio propio por calle Belgrano 2086. Se toma posesi\u00f3n inmediata del lugar para realizar las refacciones necesarias y la escritura se firma al a\u00f1o siguiente, en el mes de octubre. La adquisici\u00f3n e inauguraci\u00f3n del local se dio durante la gesti\u00f3n de Isaac Plotkin. Hern\u00e1n Lancelle, quien ocupaba el cargo de Secretario T\u00e9cnico, estuvo a cargo de la remodelaci\u00f3n.<\/p>\n<p>La fiesta de apertura de la primera sede tuvo lugar el 29 de agosto de 1980.<\/p>\n<p>Dos a\u00f1os despu\u00e9s, se adquiere el edificio donde funciona actualmente el Colegio, ubicado en Santa Fe 1186, que pertenec\u00eda a Cooperativa Farmac\u00e9utica, y luego, tambi\u00e9n se compra la casa contigua.<\/p>\n<p>Se comienza el proyecto de construcci\u00f3n del edificio de Santa Fe para convertirlo en el domicilio definitivo del Colegio. Alicia Herrero, quien se desempe\u00f1a como Secretaria del Colegio desde 1976, record\u00f3 que moviliz\u00f3 a la Comisi\u00f3n Directiva de ese entonces la cercan\u00eda de la \u00faltima adquisici\u00f3n a bancos, mutuales y obras sociales, lo que agilizar\u00eda las gestiones diarias.<\/p>\n  <style scope=\"scope\">\n    #gallery-993029570 .grid-col-1{height: 600px}\n    #gallery-993029570 .grid-col-1-2{height: 300px}\n    #gallery-993029570 .grid-col-1-3{height:200px}\n    #gallery-993029570 .grid-col-2-3{height: 400px}\n    #gallery-993029570 .grid-col-1-4{height: 150px}\n    #gallery-993029570 .grid-col-3-4{height: 450px}\n\n\n        \/* Tablet *\/\n    @media (max-width: 850px){\n      #gallery-993029570 .grid-col-1{height: 400px}\n      #gallery-993029570 .grid-col-1-2{height: 200px}\n      #gallery-993029570 .grid-col-1-3{height:133.33333333333px}\n      #gallery-993029570 .grid-col-2-3{height: 266.66666666667px}\n      #gallery-993029570 .grid-col-1-4{height: 100px}\n      #gallery-993029570 .grid-col-3-4{height: 300px}\n    }\n    \n        \/* Mobile *\/\n    @media (max-width: 550px){\n      #gallery-993029570 .grid-col-1{height: 400px}\n      #gallery-993029570 .grid-col-1-2{height: 200px}\n      #gallery-993029570 .grid-col-1-3{height:133.33333333333px}\n      #gallery-993029570 .grid-col-2-3{height: 266.66666666667px}\n      #gallery-993029570 .grid-col-1-4{height: 100px}\n      #gallery-993029570 .grid-col-3-4{height: 300px}\n    }\n    \n\n  <\/style>\n  \n  \n    <div id=\"gallery-993029570\" class=\"row row-grid\" data-packery-options='{\"itemSelector\": \".col\", \"gutter\": 0, \"presentageWidth\" : true}'>\n\n          <div class=\"gallery-col col grid-col grid-col-1 large-6 medium-12\" >\n          <div class=\"col-inner\">\n            <a class=\"image-lightbox lightbox-gallery\" href=\"https:\/\/cofarco.com.ar\/ar\/wp-content\/uploads\/2016\/02\/1\u00ba-sede-adquirida-por-el-Colegio-1979-Belgrano-2086.jpg\" title=\"Inauguraci\u00f3n Primera Sede\">            <div class=\"box has-hover gallery-box box-overlay dark box-text-center\">\n              <div class=\"box-image\" >\n                <img fetchpriority=\"high\" decoding=\"async\" width=\"453\" height=\"640\" src=\"https:\/\/cofarco.com.ar\/ar\/wp-content\/uploads\/2016\/02\/1\u00ba-sede-adquirida-por-el-Colegio-1979-Belgrano-2086.jpg\" class=\"attachment-large size-large\" alt=\"\" ids=\"831,830\" style=\"normal\" type=\"grid\" grid=\"3\" srcset=\"https:\/\/cofarco.com.ar\/ar\/wp-content\/uploads\/2016\/02\/1\u00ba-sede-adquirida-por-el-Colegio-1979-Belgrano-2086.jpg 453w, https:\/\/cofarco.com.ar\/ar\/wp-content\/uploads\/2016\/02\/1\u00ba-sede-adquirida-por-el-Colegio-1979-Belgrano-2086-283x400.jpg 283w\" sizes=\"(max-width: 453px) 100vw, 453px\" \/>                                  <div class=\"overlay fill\"\n                      style=\"background-color: rgba(0,0,0,.15)\">\n                  <\/div>\n                                                              <\/div>\n              <div class=\"box-text text-left dark\" >\n                 <p>Inauguraci\u00f3n Primera Sede<\/p>\n              <\/div>\n            <\/div>\n            <\/a>          <\/div>\n         <\/div>\n                 <div class=\"gallery-col col grid-col grid-col-1-2 large-6 medium-6\" >\n          <div class=\"col-inner\">\n            <a class=\"image-lightbox lightbox-gallery\" href=\"https:\/\/cofarco.com.ar\/ar\/wp-content\/uploads\/2016\/02\/1\u00ba-sede-adquirida-por-el-Colegio-1979-Belgrano-2086-A.jpg\" title=\"Primera sede adquirida. Belgrano 2086.\">            <div class=\"box has-hover gallery-box box-overlay dark box-text-center\">\n              <div class=\"box-image\" >\n                <img decoding=\"async\" width=\"580\" height=\"400\" src=\"https:\/\/cofarco.com.ar\/ar\/wp-content\/uploads\/2016\/02\/1\u00ba-sede-adquirida-por-el-Colegio-1979-Belgrano-2086-A-580x400.jpg\" class=\"attachment-medium size-medium\" alt=\"\" ids=\"831,830\" style=\"normal\" type=\"grid\" grid=\"3\" srcset=\"https:\/\/cofarco.com.ar\/ar\/wp-content\/uploads\/2016\/02\/1\u00ba-sede-adquirida-por-el-Colegio-1979-Belgrano-2086-A-580x400.jpg 580w, https:\/\/cofarco.com.ar\/ar\/wp-content\/uploads\/2016\/02\/1\u00ba-sede-adquirida-por-el-Colegio-1979-Belgrano-2086-A-600x413.jpg 600w, https:\/\/cofarco.com.ar\/ar\/wp-content\/uploads\/2016\/02\/1\u00ba-sede-adquirida-por-el-Colegio-1979-Belgrano-2086-A.jpg 640w\" sizes=\"(max-width: 580px) 100vw, 580px\" \/>                                  <div class=\"overlay fill\"\n                      style=\"background-color: rgba(0,0,0,.15)\">\n                  <\/div>\n                                                              <\/div>\n              <div class=\"box-text text-left dark\" >\n                 <p>Primera sede adquirida. Belgrano 2086.<\/p>\n              <\/div>\n            <\/div>\n            <\/a>          <\/div>\n         <\/div>\n         <\/div>\n<p>El 29 de noviembre de 1986, se realiza el acto inaugural del nuevo edificio con un \u00e1gape que tuvo lugar a partir de las 21.30 horas.<\/p>\n<p>\u201cLos impulsores del actual edificio fueron el farmac\u00e9utico Aldo L\u00f3pez, quien decidi\u00f3 que los presupuestos deb\u00edan incluir el material, puesto que a nosotros nos complicaba much\u00edsimo por cuestiones de tiempo; y la vicepresidenta \u2013 quien se encontraba por entonces a cargo de la Presidencia- Leticia Anastasi\u201d, remarc\u00f3 Alicia.<\/p>\n<p>Tambi\u00e9n se acord\u00f3 que fue el farmac\u00e9utico Rub\u00e9n Antonio Fontana, de la localidad de Monte Caseros, quien don\u00f3 la ropa blanca para las suites que integraban el flamante complejo; mientras que la farmac\u00e9utica Virginia Tur\u00edn colabor\u00f3 con pocillos, platos y tachos de residuos para las nuevas instalaciones. La familia Fridman, por su parte, \u201ccolaboraba con todo lo necesario, cualquier cosa que faltara a \u00faltimo momento ellos dispon\u00edan para el colegio o bien para los socios que llegaban a alojarse\u201d. Y luego de unos a\u00f1os se vendi\u00f3 la primera sede, a fin de disponer de un respaldo econ\u00f3mico para cubrir\u00a0 emergencias que pudieran surgir.<\/p>\n<p>Ese a\u00f1o, inolvidable para los profesionales farmac\u00e9uticos, se realiza en Corrientes las XIII\u00ba Jornadas de Historia de la Farmacia Argentina, organizadas por el Colegio de Farmac\u00e9uticos de Corrientes.<\/p>\n  <style scope=\"scope\">\n    #gallery-1564129110 .grid-col-1{height: 600px}\n    #gallery-1564129110 .grid-col-1-2{height: 300px}\n    #gallery-1564129110 .grid-col-1-3{height:200px}\n    #gallery-1564129110 .grid-col-2-3{height: 400px}\n    #gallery-1564129110 .grid-col-1-4{height: 150px}\n    #gallery-1564129110 .grid-col-3-4{height: 450px}\n\n\n        \/* Tablet *\/\n    @media (max-width: 850px){\n      #gallery-1564129110 .grid-col-1{height: 400px}\n      #gallery-1564129110 .grid-col-1-2{height: 200px}\n      #gallery-1564129110 .grid-col-1-3{height:133.33333333333px}\n      #gallery-1564129110 .grid-col-2-3{height: 266.66666666667px}\n      #gallery-1564129110 .grid-col-1-4{height: 100px}\n      #gallery-1564129110 .grid-col-3-4{height: 300px}\n    }\n    \n        \/* Mobile *\/\n    @media (max-width: 550px){\n      #gallery-1564129110 .grid-col-1{height: 400px}\n      #gallery-1564129110 .grid-col-1-2{height: 200px}\n      #gallery-1564129110 .grid-col-1-3{height:133.33333333333px}\n      #gallery-1564129110 .grid-col-2-3{height: 266.66666666667px}\n      #gallery-1564129110 .grid-col-1-4{height: 100px}\n      #gallery-1564129110 .grid-col-3-4{height: 300px}\n    }\n    \n\n  <\/style>\n  \n  \n    <div id=\"gallery-1564129110\" class=\"row row-grid\" data-packery-options='{\"itemSelector\": \".col\", \"gutter\": 0, \"presentageWidth\" : true}'>\n\n          <div class=\"gallery-col col grid-col grid-col-1 large-12 medium-12\" >\n          <div class=\"col-inner\">\n            <a class=\"image-lightbox lightbox-gallery\" href=\"https:\/\/cofarco.com.ar\/ar\/wp-content\/uploads\/2016\/02\/Nuevo-edificio-del-colegio.jpg\" title=\"\">            <div class=\"box has-hover gallery-box box-overlay dark box-text-center\">\n              <div class=\"box-image\" >\n                <img decoding=\"async\" width=\"480\" height=\"640\" src=\"https:\/\/cofarco.com.ar\/ar\/wp-content\/uploads\/2016\/02\/Nuevo-edificio-del-colegio.jpg\" class=\"attachment-large size-large\" alt=\"\" ids=\"835,832,834,833,836,838,837\" style=\"default\" type=\"grid\" grid=\"2\" srcset=\"https:\/\/cofarco.com.ar\/ar\/wp-content\/uploads\/2016\/02\/Nuevo-edificio-del-colegio.jpg 480w, https:\/\/cofarco.com.ar\/ar\/wp-content\/uploads\/2016\/02\/Nuevo-edificio-del-colegio-300x400.jpg 300w\" sizes=\"(max-width: 480px) 100vw, 480px\" \/>                                  <div class=\"overlay fill\"\n                      style=\"background-color: rgba(0,0,0,.15)\">\n                  <\/div>\n                                                              <\/div>\n              <div class=\"box-text text-left dark\" >\n                 <p><\/p>\n              <\/div>\n            <\/div>\n            <\/a>          <\/div>\n         <\/div>\n                 <div class=\"gallery-col col grid-col grid-col-1-3 large-4 medium-12\" >\n          <div class=\"col-inner\">\n            <a class=\"image-lightbox lightbox-gallery\" href=\"https:\/\/cofarco.com.ar\/ar\/wp-content\/uploads\/2016\/02\/Inauguraci\u00f3n-del-nuevo-edificio-29-11-1986-A.jpg\" title=\"Inauguraci\u00f3n del edificio actual.\">            <div class=\"box has-hover gallery-box box-overlay dark box-text-center\">\n              <div class=\"box-image\" >\n                <img loading=\"lazy\" decoding=\"async\" width=\"580\" height=\"400\" src=\"https:\/\/cofarco.com.ar\/ar\/wp-content\/uploads\/2016\/02\/Inauguraci\u00f3n-del-nuevo-edificio-29-11-1986-A-580x400.jpg\" class=\"attachment-medium size-medium\" alt=\"\" ids=\"835,832,834,833,836,838,837\" style=\"default\" type=\"grid\" grid=\"2\" srcset=\"https:\/\/cofarco.com.ar\/ar\/wp-content\/uploads\/2016\/02\/Inauguraci\u00f3n-del-nuevo-edificio-29-11-1986-A-580x400.jpg 580w, https:\/\/cofarco.com.ar\/ar\/wp-content\/uploads\/2016\/02\/Inauguraci\u00f3n-del-nuevo-edificio-29-11-1986-A-600x413.jpg 600w, https:\/\/cofarco.com.ar\/ar\/wp-content\/uploads\/2016\/02\/Inauguraci\u00f3n-del-nuevo-edificio-29-11-1986-A.jpg 640w\" sizes=\"(max-width: 580px) 100vw, 580px\" \/>                                  <div class=\"overlay fill\"\n                      style=\"background-color: rgba(0,0,0,.15)\">\n                  <\/div>\n                                                              <\/div>\n              <div class=\"box-text text-left dark\" >\n                 <p>Inauguraci\u00f3n del edificio actual.<\/p>\n              <\/div>\n            <\/div>\n            <\/a>          <\/div>\n         <\/div>\n                 <div class=\"gallery-col col grid-col grid-col-1-3 large-4 medium-12\" >\n          <div class=\"col-inner\">\n            <a class=\"image-lightbox lightbox-gallery\" href=\"https:\/\/cofarco.com.ar\/ar\/wp-content\/uploads\/2016\/02\/Inauguraci\u00f3n-del-nuevo-edificio-29-11-1986.jpg\" title=\"\">            <div class=\"box has-hover gallery-box box-overlay dark box-text-center\">\n              <div class=\"box-image\" >\n                <img loading=\"lazy\" decoding=\"async\" width=\"580\" height=\"400\" src=\"https:\/\/cofarco.com.ar\/ar\/wp-content\/uploads\/2016\/02\/Inauguraci\u00f3n-del-nuevo-edificio-29-11-1986-580x400.jpg\" class=\"attachment-medium size-medium\" alt=\"\" ids=\"835,832,834,833,836,838,837\" style=\"default\" type=\"grid\" grid=\"2\" srcset=\"https:\/\/cofarco.com.ar\/ar\/wp-content\/uploads\/2016\/02\/Inauguraci\u00f3n-del-nuevo-edificio-29-11-1986-580x400.jpg 580w, https:\/\/cofarco.com.ar\/ar\/wp-content\/uploads\/2016\/02\/Inauguraci\u00f3n-del-nuevo-edificio-29-11-1986-600x413.jpg 600w, https:\/\/cofarco.com.ar\/ar\/wp-content\/uploads\/2016\/02\/Inauguraci\u00f3n-del-nuevo-edificio-29-11-1986.jpg 640w\" sizes=\"(max-width: 580px) 100vw, 580px\" \/>                                  <div class=\"overlay fill\"\n                      style=\"background-color: rgba(0,0,0,.15)\">\n                  <\/div>\n                                                              <\/div>\n              <div class=\"box-text text-left dark\" >\n                 <p><\/p>\n              <\/div>\n            <\/div>\n            <\/a>          <\/div>\n         <\/div>\n                 <div class=\"gallery-col col grid-col grid-col-1-3 large-4 medium-12\" >\n          <div class=\"col-inner\">\n            <a class=\"image-lightbox lightbox-gallery\" href=\"https:\/\/cofarco.com.ar\/ar\/wp-content\/uploads\/2016\/02\/Inauguraci\u00f3n-del-nuevo-edificio-29-11-1986-F.jpg\" title=\"\">            <div class=\"box has-hover gallery-box box-overlay dark box-text-center\">\n              <div class=\"box-image\" >\n                <img loading=\"lazy\" decoding=\"async\" width=\"578\" height=\"400\" src=\"https:\/\/cofarco.com.ar\/ar\/wp-content\/uploads\/2016\/02\/Inauguraci\u00f3n-del-nuevo-edificio-29-11-1986-F-578x400.jpg\" class=\"attachment-medium size-medium\" alt=\"\" ids=\"835,832,834,833,836,838,837\" style=\"default\" type=\"grid\" grid=\"2\" srcset=\"https:\/\/cofarco.com.ar\/ar\/wp-content\/uploads\/2016\/02\/Inauguraci\u00f3n-del-nuevo-edificio-29-11-1986-F-578x400.jpg 578w, https:\/\/cofarco.com.ar\/ar\/wp-content\/uploads\/2016\/02\/Inauguraci\u00f3n-del-nuevo-edificio-29-11-1986-F-600x415.jpg 600w, https:\/\/cofarco.com.ar\/ar\/wp-content\/uploads\/2016\/02\/Inauguraci\u00f3n-del-nuevo-edificio-29-11-1986-F.jpg 640w\" sizes=\"(max-width: 578px) 100vw, 578px\" \/>                                  <div class=\"overlay fill\"\n                      style=\"background-color: rgba(0,0,0,.15)\">\n                  <\/div>\n                                                              <\/div>\n              <div class=\"box-text text-left dark\" >\n                 <p><\/p>\n              <\/div>\n            <\/div>\n            <\/a>          <\/div>\n         <\/div>\n                 <div class=\"gallery-col col grid-col grid-col-1-3 large-4 medium-12\" >\n          <div class=\"col-inner\">\n            <a class=\"image-lightbox lightbox-gallery\" href=\"https:\/\/cofarco.com.ar\/ar\/wp-content\/uploads\/2016\/02\/Mayo-de-1986-XIII\u00ba-Jornadas-de-Historia-de-la-Farmacia-Argentina-A.jpg\" title=\"Mayo de 1986 XIII\u00ba Jornadas de Historia de la Farmacia Argentina\">            <div class=\"box has-hover gallery-box box-overlay dark box-text-center\">\n              <div class=\"box-image\" >\n                <img loading=\"lazy\" decoding=\"async\" width=\"640\" height=\"381\" src=\"https:\/\/cofarco.com.ar\/ar\/wp-content\/uploads\/2016\/02\/Mayo-de-1986-XIII\u00ba-Jornadas-de-Historia-de-la-Farmacia-Argentina-A.jpg\" class=\"attachment-medium size-medium\" alt=\"\" ids=\"835,832,834,833,836,838,837\" style=\"default\" type=\"grid\" grid=\"2\" srcset=\"https:\/\/cofarco.com.ar\/ar\/wp-content\/uploads\/2016\/02\/Mayo-de-1986-XIII\u00ba-Jornadas-de-Historia-de-la-Farmacia-Argentina-A.jpg 640w, https:\/\/cofarco.com.ar\/ar\/wp-content\/uploads\/2016\/02\/Mayo-de-1986-XIII\u00ba-Jornadas-de-Historia-de-la-Farmacia-Argentina-A-600x357.jpg 600w\" sizes=\"(max-width: 640px) 100vw, 640px\" \/>                                  <div class=\"overlay fill\"\n                      style=\"background-color: rgba(0,0,0,.15)\">\n                  <\/div>\n                                                              <\/div>\n              <div class=\"box-text text-left dark\" >\n                 <p>Mayo de 1986 XIII\u00ba Jornadas de Historia de la Farmacia Argentina<\/p>\n              <\/div>\n            <\/div>\n            <\/a>          <\/div>\n         <\/div>\n                 <div class=\"gallery-col col grid-col grid-col-1-3 large-4 medium-12\" >\n          <div class=\"col-inner\">\n            <a class=\"image-lightbox lightbox-gallery\" href=\"https:\/\/cofarco.com.ar\/ar\/wp-content\/uploads\/2016\/02\/Mayo-de-1986-XIII\u00ba-Jornadas-de-Historia-de-la-Farmacia-Argentina.jpg\" title=\"\">            <div class=\"box has-hover gallery-box box-overlay dark box-text-center\">\n              <div class=\"box-image\" >\n                <img loading=\"lazy\" decoding=\"async\" width=\"519\" height=\"315\" src=\"https:\/\/cofarco.com.ar\/ar\/wp-content\/uploads\/2016\/02\/Mayo-de-1986-XIII\u00ba-Jornadas-de-Historia-de-la-Farmacia-Argentina.jpg\" class=\"attachment-medium size-medium\" alt=\"\" ids=\"835,832,834,833,836,838,837\" style=\"default\" type=\"grid\" grid=\"2\" \/>                                  <div class=\"overlay fill\"\n                      style=\"background-color: rgba(0,0,0,.15)\">\n                  <\/div>\n                                                              <\/div>\n              <div class=\"box-text text-left dark\" >\n                 <p><\/p>\n              <\/div>\n            <\/div>\n            <\/a>          <\/div>\n         <\/div>\n                 <div class=\"gallery-col col grid-col grid-col-1-3 large-4 medium-12\" >\n          <div class=\"col-inner\">\n            <a class=\"image-lightbox lightbox-gallery\" href=\"https:\/\/cofarco.com.ar\/ar\/wp-content\/uploads\/2016\/02\/Mayo-de-1986-XIII\u00ba-Jornadas-de-Historia-de-la-Farmacia-Argentina-B.jpg\" title=\"\">            <div class=\"box has-hover gallery-box box-overlay dark box-text-center\">\n              <div class=\"box-image\" >\n                <img loading=\"lazy\" decoding=\"async\" width=\"640\" height=\"352\" src=\"https:\/\/cofarco.com.ar\/ar\/wp-content\/uploads\/2016\/02\/Mayo-de-1986-XIII\u00ba-Jornadas-de-Historia-de-la-Farmacia-Argentina-B.jpg\" class=\"attachment-medium size-medium\" alt=\"\" ids=\"835,832,834,833,836,838,837\" style=\"default\" type=\"grid\" grid=\"2\" srcset=\"https:\/\/cofarco.com.ar\/ar\/wp-content\/uploads\/2016\/02\/Mayo-de-1986-XIII\u00ba-Jornadas-de-Historia-de-la-Farmacia-Argentina-B.jpg 640w, https:\/\/cofarco.com.ar\/ar\/wp-content\/uploads\/2016\/02\/Mayo-de-1986-XIII\u00ba-Jornadas-de-Historia-de-la-Farmacia-Argentina-B-600x330.jpg 600w\" sizes=\"(max-width: 640px) 100vw, 640px\" \/>                                  <div class=\"overlay fill\"\n                      style=\"background-color: rgba(0,0,0,.15)\">\n                  <\/div>\n                                                              <\/div>\n              <div class=\"box-text text-left dark\" >\n                 <p><\/p>\n              <\/div>\n            <\/div>\n            <\/a>          <\/div>\n         <\/div>\n         <\/div>\n<h3>La historia sigue&#8230;<\/h3>\n<p>Aunque hab\u00eda pasado mucho tiempo desde que los profesionales farmac\u00e9uticos y bioqu\u00edmicos hab\u00edan resuelto escindir la instituci\u00f3n para que cada sector tenga su propio colegio, reci\u00e9n en octubre de 1985 se reforma el Estatuto y se cambia la denominaci\u00f3n de Colegio de Farmac\u00e9uticos y Bioqu\u00edmicos de la Provincia de Corrientes, por la de Colegio de Farmac\u00e9uticos de la provincia de Corrientes. Se trat\u00f3 de un cambio en los papeles, que en la pr\u00e1ctica ya era una realidad.<\/p>\n<p>En 1988 asume su primera gesti\u00f3n como presidente Horacio Esteban Leale. En 1990 y hasta 2005, lo sucede Jos\u00e9 Ra\u00fal Fontana. Ese a\u00f1o, vuelve a ser electo Leale, ocupando el cargo hasta el 2012. Desde entonces y hasta el 2016,\u00a0 Silvia Cristina Rodr\u00edguez presidi\u00f3 el Colegio.<\/p>\n<p>En la Asamblea General Ordinaria de diciembre de ese a\u00f1o, fue electa presidente por unanimidad de los presentes, la farmac\u00e9utica Desire\u00e9 Lancelle Monferrer, quien actualmente conduce los destinos de la instituci\u00f3n.<\/p>\n\t<section class=\"section\" id=\"section_1330426241\">\n\t\t<div class=\"bg section-bg fill bg-fill  bg-loaded\" >\n\n\t\t\t\n\t\t\t\n\t\t\t\n\n\t\t<\/div>\n\n\t\t<div class=\"section-content relative\">\n\t\t\t\n<h3>Nuestra Misi\u00f3n<\/h3>\n<p style=\"text-align: justify;\">El Colegio de Farmac\u00e9uticos, desde su fundaci\u00f3n, es la Entidad Deontol\u00f3gica que agrupa a todos los farmac\u00e9uticos que ejercen su profesi\u00f3n en la Provincia de Corrientes, en las distintas \u00e1reas que requieran el conocimiento cient\u00edfico o t\u00e9cnico que emana de la posesi\u00f3n de su t\u00edtulo universitario.<\/p>\n<p style=\"text-align: justify;\">Nuestra meta principal es la protecci\u00f3n de las farmacias y farmac\u00e9uticos que act\u00faan como eslab\u00f3n fundamental en la Atenci\u00f3n Primaria de la comunidad, basando su acci\u00f3n en la prevenci\u00f3n y promoci\u00f3n de la salud.<\/p>\n<p style=\"text-align: justify;\">Queremos que cada colega pueda desempe\u00f1ar su tarea con dignidad, colaborando para mejorar su perfil profesional, t\u00e9cnico, social, moral y econ\u00f3mico, independientemente del \u00e1rea donde trabaje.<\/p>\n<p style=\"text-align: justify;\">Ante la realidad de que la mayor\u00eda de sus asociados vive del ejercicio profesional en su oficina de farmacia, es que Colegio cuenta con un \u00e1rea destinada a brindar las herramientas necesarias para las prestaciones farmac\u00e9uticas a las distintas obras sociales (administraci\u00f3n, gerenciamiento, auditor\u00eda, asesoramiento, etc .)<\/p>\n<p style=\"text-align: justify;\">El Colegio trabaja para fomentar el esp\u00edritu de solidaridad, mutuo apoyo y consideraci\u00f3n rec\u00edproca entre todos los colegas de la provincia, recordando siempre que la uni\u00f3n y el contacto permanente con sus dirigentes marc\u00e1ndoles el camino, es la fuerza necesaria para conseguir el progreso de la farmacia correntina.<\/p>\n\t\t<\/div>\n\n\t\t\n<style scope=\"scope\">\n\n#section_1330426241 {\n  padding-top: 30px;\n  padding-bottom: 30px;\n  background-color: rgb(202, 202, 202);\n}\n<\/style>\n\t<\/section>\n\t\n","protected":false},"excerpt":{"rendered":"<p>Colegio de Farmac\u00e9uticos de Corrientes (1945) Siete d\u00e9cadas de historia en la Sociedad Correntina Con el prop\u00f3sito de defender la salud p\u00fablica, de colaborar con las autoridades competentes y de estrechar v\u00ednculos profesionales de ordenes cient\u00edficos y sociales con sus pares de todo el pa\u00eds, el 12 de octubre de 1943 se constituy\u00f3 una Asociaci\u00f3n [&#8230;]\n","protected":false},"author":1,"featured_media":0,"parent":0,"menu_order":0,"comment_status":"closed","ping_status":"closed","template":"","meta":{"footnotes":""},"class_list":["post-1811","page","type-page","status-publish","hentry"],"_links":{"self":[{"href":"https:\/\/cofarco.com.ar\/ar\/wp-json\/wp\/v2\/pages\/1811","targetHints":{"allow":["GET"]}}],"collection":[{"href":"https:\/\/cofarco.com.ar\/ar\/wp-json\/wp\/v2\/pages"}],"about":[{"href":"https:\/\/cofarco.com.ar\/ar\/wp-json\/wp\/v2\/types\/page"}],"author":[{"embeddable":true,"href":"https:\/\/cofarco.com.ar\/ar\/wp-json\/wp\/v2\/users\/1"}],"replies":[{"embeddable":true,"href":"https:\/\/cofarco.com.ar\/ar\/wp-json\/wp\/v2\/comments?post=1811"}],"version-history":[{"count":16,"href":"https:\/\/cofarco.com.ar\/ar\/wp-json\/wp\/v2\/pages\/1811\/revisions"}],"predecessor-version":[{"id":2123,"href":"https:\/\/cofarco.com.ar\/ar\/wp-json\/wp\/v2\/pages\/1811\/revisions\/2123"}],"wp:attachment":[{"href":"https:\/\/cofarco.com.ar\/ar\/wp-json\/wp\/v2\/media?parent=1811"}],"curies":[{"name":"wp","href":"https:\/\/api.w.org\/{rel}","templated":true}]}}