{"id":1958,"date":"2018-09-17T02:26:54","date_gmt":"2018-09-17T02:26:54","guid":{"rendered":"http:\/\/cofarco.com.ar\/ar\/?page_id=1958"},"modified":"2018-09-17T03:16:48","modified_gmt":"2018-09-17T03:16:48","slug":"capacitacion","status":"publish","type":"page","link":"https:\/\/cofarco.com.ar\/ar\/capacitacion\/","title":{"rendered":"Capacitaci\u00f3n"},"content":{"rendered":"<div class=\"row\"  id=\"row-1185362190\">\n\n\t<div class=\"col small-12 large-12\"  >\n\t\t<div class=\"col-inner\"  >\n\t\t\t\n\t\t\t\n<div class=\"container section-title-container\" ><h3 class=\"section-title section-title-normal\"><b><\/b><span class=\"section-title-main\" >Capacitaci\u00f3n<\/span><b><\/b><\/h3><\/div>\n\t\t<\/div>\n\t<\/div>\n\n\t\n<\/div>\n<div class=\"row\"  id=\"row-1643398364\">\n\n\t<div class=\"col small-12 large-12\"  >\n\t\t<div class=\"col-inner\"  >\n\t\t\t\n\t\t\t\n\n  \n    <div class=\"row large-columns-3 medium-columns-1 small-columns-1\">\n  \t\t<div class=\"col post-item\" >\n\t\t\t<div class=\"col-inner\">\n\t\t\t<a href=\"https:\/\/cofarco.com.ar\/ar\/2026\/04\/30\/capacitacion-online-gestion-de-conversaciones-dificiles-en-farmacia\/\" class=\"plain\">\n\t\t\t\t<div class=\"box box-default box-text-bottom box-blog-post has-hover\">\n            \t\t\t\t\t<div class=\"box-image\" >\n  \t\t\t\t\t\t<div class=\"image-cover\" style=\"padding-top:56%;\">\n  \t\t\t\t\t\t\t<img fetchpriority=\"high\" decoding=\"async\" width=\"330\" height=\"185\" src=\"https:\/\/cofarco.com.ar\/ar\/wp-content\/uploads\/2026\/03\/Banner-Protada-Cofarco-2.jpg\" class=\"attachment-medium size-medium wp-post-image\" alt=\"\" \/>  \t\t\t\t\t\t\t  \t\t\t\t\t\t\t  \t\t\t\t\t\t<\/div>\n  \t\t\t\t\t\t  \t\t\t\t\t<\/div>\n          \t\t\t\t\t<div class=\"box-text text-left\" >\n\t\t\t\t\t<div class=\"box-text-inner blog-post-inner\">\n\n\t\t\t\t\t\n\t\t\t\t\t\t\t\t\t\t<h5 class=\"post-title is-larger \">Capacitacion Online: Gesti\u00f3n de conversaciones dif\u00edciles en farmacia<\/h5>\n\t\t\t\t\t\t\t\t\t\t<div class=\"is-divider\"><\/div>\n\t\t\t\t\t\t\t\t\t\t<p class=\"from_the_blog_excerpt \">Quinto encuentro del Ciclo de Capacitaci\u00f3n Estrat\u00e9gica para Farmacias El Colegio de Farmac\u00e9uticos de Corrientes invita a participar del quinto encuentro del ciclo de capacitaci\u00f3n, [...]\t\t\t\t\t<\/p>\n\t\t\t\t\t                    \n\t\t\t\t\t\n\t\t\t\t\t\n\t\t\t\t\t<\/div>\n\t\t\t\t\t<\/div>\n\t\t\t\t\t\t\t\t\t\t\t\t\t\t\t\t<div class=\"badge absolute top post-date badge-circle\">\n\t\t\t\t\t\t\t<div class=\"badge-inner\">\n\t\t\t\t\t\t\t\t<span class=\"post-date-day\">30<\/span><br>\n\t\t\t\t\t\t\t\t<span class=\"post-date-month is-xsmall\">Abr<\/span>\n\t\t\t\t\t\t\t<\/div>\n\t\t\t\t\t\t<\/div>\n\t\t\t\t\t\t\t\t\t<\/div>\n\t\t\t\t<\/a>\n\t\t\t<\/div>\n\t\t<\/div>\n\t\t<div class=\"col post-item\" >\n\t\t\t<div class=\"col-inner\">\n\t\t\t<a href=\"https:\/\/cofarco.com.ar\/ar\/2026\/04\/30\/curso-online-patologias-y-condiciones-de-la-piel-abordadas-desde-el-ambito-farmaceutico\/\" class=\"plain\">\n\t\t\t\t<div class=\"box box-default box-text-bottom box-blog-post has-hover\">\n            \t\t\t\t\t<div class=\"box-image\" >\n  \t\t\t\t\t\t<div class=\"image-cover\" style=\"padding-top:56%;\">\n  \t\t\t\t\t\t\t<img decoding=\"async\" width=\"330\" height=\"185\" src=\"https:\/\/cofarco.com.ar\/ar\/wp-content\/uploads\/2026\/04\/Banner-Protada-Cofarco-2.jpg\" class=\"attachment-medium size-medium wp-post-image\" alt=\"\" \/>  \t\t\t\t\t\t\t  \t\t\t\t\t\t\t  \t\t\t\t\t\t<\/div>\n  \t\t\t\t\t\t  \t\t\t\t\t<\/div>\n          \t\t\t\t\t<div class=\"box-text text-left\" >\n\t\t\t\t\t<div class=\"box-text-inner blog-post-inner\">\n\n\t\t\t\t\t\n\t\t\t\t\t\t\t\t\t\t<h5 class=\"post-title is-larger \">Curso online: Patolog\u00edas y condiciones de la piel abordadas desde el \u00e1mbito farmac\u00e9utico<\/h5>\n\t\t\t\t\t\t\t\t\t\t<div class=\"is-divider\"><\/div>\n\t\t\t\t\t\t\t\t\t\t<p class=\"from_the_blog_excerpt \">Desde COFARCO, junto a la Confederaci\u00f3n Farmac\u00e9utica Argentina (COFA), invitamos a nuestros asociados a participar de esta propuesta de formaci\u00f3n orientada a fortalecer el rol [...]\t\t\t\t\t<\/p>\n\t\t\t\t\t                    \n\t\t\t\t\t\n\t\t\t\t\t\n\t\t\t\t\t<\/div>\n\t\t\t\t\t<\/div>\n\t\t\t\t\t\t\t\t\t\t\t\t\t\t\t\t<div class=\"badge absolute top post-date badge-circle\">\n\t\t\t\t\t\t\t<div class=\"badge-inner\">\n\t\t\t\t\t\t\t\t<span class=\"post-date-day\">30<\/span><br>\n\t\t\t\t\t\t\t\t<span class=\"post-date-month is-xsmall\">Abr<\/span>\n\t\t\t\t\t\t\t<\/div>\n\t\t\t\t\t\t<\/div>\n\t\t\t\t\t\t\t\t\t<\/div>\n\t\t\t\t<\/a>\n\t\t\t<\/div>\n\t\t<\/div>\n\t\t<div class=\"col post-item\" >\n\t\t\t<div class=\"col-inner\">\n\t\t\t<a href=\"https:\/\/cofarco.com.ar\/ar\/2026\/04\/27\/mediciones-eficientes-en-la-industria-farmaceutica-nueva-propuesta-de-formacion-virtual\/\" class=\"plain\">\n\t\t\t\t<div class=\"box box-default box-text-bottom box-blog-post has-hover\">\n          \t\t\t\t\t<div class=\"box-text text-left\" >\n\t\t\t\t\t<div class=\"box-text-inner blog-post-inner\">\n\n\t\t\t\t\t\n\t\t\t\t\t\t\t\t\t\t<h5 class=\"post-title is-larger \">Mediciones Eficientes en la Industria Farmac\u00e9utica: nueva propuesta de formaci\u00f3n virtual<\/h5>\n\t\t\t\t\t<div class=\"post-meta is-small op-8\">abril 27, 2026<\/div>\t\t\t\t\t<div class=\"is-divider\"><\/div>\n\t\t\t\t\t\t\t\t\t\t<p class=\"from_the_blog_excerpt \">Desde COLFARMA se presenta la actividad de capacitaci\u00f3n \u201cMediciones Eficientes en la Industria Farmac\u00e9utica\u201d, una propuesta de actualizaci\u00f3n profesional orientada a fortalecer conocimientos t\u00e9cnicos y [...]\t\t\t\t\t<\/p>\n\t\t\t\t\t                    \n\t\t\t\t\t\n\t\t\t\t\t\n\t\t\t\t\t<\/div>\n\t\t\t\t\t<\/div>\n\t\t\t\t\t\t\t\t\t<\/div>\n\t\t\t\t<\/a>\n\t\t\t<\/div>\n\t\t<\/div>\n\t\t<div class=\"col post-item\" >\n\t\t\t<div class=\"col-inner\">\n\t\t\t<a href=\"https:\/\/cofarco.com.ar\/ar\/2026\/03\/06\/invitacion-ciclo-de-capacitacion-estrategica-para-farmacias-primer-encuentro\/\" class=\"plain\">\n\t\t\t\t<div class=\"box box-default box-text-bottom box-blog-post has-hover\">\n            \t\t\t\t\t<div class=\"box-image\" >\n  \t\t\t\t\t\t<div class=\"image-cover\" style=\"padding-top:56%;\">\n  \t\t\t\t\t\t\t<img fetchpriority=\"high\" decoding=\"async\" width=\"330\" height=\"185\" src=\"https:\/\/cofarco.com.ar\/ar\/wp-content\/uploads\/2026\/03\/Banner-Protada-Cofarco-2.jpg\" class=\"attachment-medium size-medium wp-post-image\" alt=\"\" \/>  \t\t\t\t\t\t\t  \t\t\t\t\t\t\t  \t\t\t\t\t\t<\/div>\n  \t\t\t\t\t\t  \t\t\t\t\t<\/div>\n          \t\t\t\t\t<div class=\"box-text text-left\" >\n\t\t\t\t\t<div class=\"box-text-inner blog-post-inner\">\n\n\t\t\t\t\t\n\t\t\t\t\t\t\t\t\t\t<h5 class=\"post-title is-larger \">Invitaci\u00f3n | Ciclo de Capacitaci\u00f3n Estrat\u00e9gica para Farmacias \u2013 Primer encuentro<\/h5>\n\t\t\t\t\t\t\t\t\t\t<div class=\"is-divider\"><\/div>\n\t\t\t\t\t\t\t\t\t\t<p class=\"from_the_blog_excerpt \">Estimados\/as colegas: Desde el Colegio de Farmac\u00e9uticos de Corrientes los invitamos a participar del primer encuentro del Ciclo de Capacitaci\u00f3n Estrat\u00e9gica para Farmacias, una propuesta [...]\t\t\t\t\t<\/p>\n\t\t\t\t\t                    \n\t\t\t\t\t\n\t\t\t\t\t\n\t\t\t\t\t<\/div>\n\t\t\t\t\t<\/div>\n\t\t\t\t\t\t\t\t\t\t\t\t\t\t\t\t<div class=\"badge absolute top post-date badge-circle\">\n\t\t\t\t\t\t\t<div class=\"badge-inner\">\n\t\t\t\t\t\t\t\t<span class=\"post-date-day\">06<\/span><br>\n\t\t\t\t\t\t\t\t<span class=\"post-date-month is-xsmall\">Mar<\/span>\n\t\t\t\t\t\t\t<\/div>\n\t\t\t\t\t\t<\/div>\n\t\t\t\t\t\t\t\t\t<\/div>\n\t\t\t\t<\/a>\n\t\t\t<\/div>\n\t\t<\/div>\n\t\t<div class=\"col post-item\" >\n\t\t\t<div class=\"col-inner\">\n\t\t\t<a href=\"https:\/\/cofarco.com.ar\/ar\/2026\/03\/06\/diplomatura-universitaria-en-farmacia-hospitalaria\/\" class=\"plain\">\n\t\t\t\t<div class=\"box box-default box-text-bottom box-blog-post has-hover\">\n            \t\t\t\t\t<div class=\"box-image\" >\n  \t\t\t\t\t\t<div class=\"image-cover\" style=\"padding-top:56%;\">\n  \t\t\t\t\t\t\t<img decoding=\"async\" width=\"330\" height=\"185\" src=\"https:\/\/cofarco.com.ar\/ar\/wp-content\/uploads\/2026\/03\/Banner-Protada-Cofarco-1-1.jpg\" class=\"attachment-medium size-medium wp-post-image\" alt=\"\" \/>  \t\t\t\t\t\t\t  \t\t\t\t\t\t\t  \t\t\t\t\t\t<\/div>\n  \t\t\t\t\t\t  \t\t\t\t\t<\/div>\n          \t\t\t\t\t<div class=\"box-text text-left\" >\n\t\t\t\t\t<div class=\"box-text-inner blog-post-inner\">\n\n\t\t\t\t\t\n\t\t\t\t\t\t\t\t\t\t<h5 class=\"post-title is-larger \">Diplomatura universitaria en farmacia hospitalaria<\/h5>\n\t\t\t\t\t\t\t\t\t\t<div class=\"is-divider\"><\/div>\n\t\t\t\t\t\t\t\t\t\t<p class=\"from_the_blog_excerpt \">Diplomatura universitaria en farmacia hospitalaria DIRIGIDO A: Farmac\u00e9uticos interesados en formar equipos de trabajo interdisciplinario en instituciones de salud. \ud83d\udcc5 Inicio: 12 de marzo | [...]\t\t\t\t\t<\/p>\n\t\t\t\t\t                    \n\t\t\t\t\t\n\t\t\t\t\t\n\t\t\t\t\t<\/div>\n\t\t\t\t\t<\/div>\n\t\t\t\t\t\t\t\t\t\t\t\t\t\t\t\t<div class=\"badge absolute top post-date badge-circle\">\n\t\t\t\t\t\t\t<div class=\"badge-inner\">\n\t\t\t\t\t\t\t\t<span class=\"post-date-day\">06<\/span><br>\n\t\t\t\t\t\t\t\t<span class=\"post-date-month is-xsmall\">Mar<\/span>\n\t\t\t\t\t\t\t<\/div>\n\t\t\t\t\t\t<\/div>\n\t\t\t\t\t\t\t\t\t<\/div>\n\t\t\t\t<\/a>\n\t\t\t<\/div>\n\t\t<\/div>\n\t\t<div class=\"col post-item\" >\n\t\t\t<div class=\"col-inner\">\n\t\t\t<a href=\"https:\/\/cofarco.com.ar\/ar\/2026\/01\/28\/encuesta-de-intereses-%c2%b7-agenda-cofa-2026\/\" class=\"plain\">\n\t\t\t\t<div class=\"box box-default box-text-bottom box-blog-post has-hover\">\n          \t\t\t\t\t<div class=\"box-text text-left\" >\n\t\t\t\t\t<div class=\"box-text-inner blog-post-inner\">\n\n\t\t\t\t\t\n\t\t\t\t\t\t\t\t\t\t<h5 class=\"post-title is-larger \">Encuesta de intereses \u00b7 Agenda COFA 2026<\/h5>\n\t\t\t\t\t<div class=\"post-meta is-small op-8\">enero 28, 2026<\/div>\t\t\t\t\t<div class=\"is-divider\"><\/div>\n\t\t\t\t\t\t\t\t\t\t<p class=\"from_the_blog_excerpt \">Desde el \u00c1rea de Asuntos Profesionales de la COFA, en colaboraci\u00f3n con COFARCO, te invitamos a participar de una breve encuesta online para conocer tu [...]\t\t\t\t\t<\/p>\n\t\t\t\t\t                    \n\t\t\t\t\t\n\t\t\t\t\t\n\t\t\t\t\t<\/div>\n\t\t\t\t\t<\/div>\n\t\t\t\t\t\t\t\t\t<\/div>\n\t\t\t\t<\/a>\n\t\t\t<\/div>\n\t\t<\/div>\n\t\t<div class=\"col post-item\" >\n\t\t\t<div class=\"col-inner\">\n\t\t\t<a href=\"https:\/\/cofarco.com.ar\/ar\/2025\/11\/17\/jornada-de-capacitacion-en-optimizacion-de-antimicrobianos-20-de-noviembre\/\" class=\"plain\">\n\t\t\t\t<div class=\"box box-default box-text-bottom box-blog-post has-hover\">\n            \t\t\t\t\t<div class=\"box-image\" >\n  \t\t\t\t\t\t<div class=\"image-cover\" style=\"padding-top:56%;\">\n  \t\t\t\t\t\t\t<img loading=\"lazy\" decoding=\"async\" width=\"320\" height=\"400\" src=\"https:\/\/cofarco.com.ar\/ar\/wp-content\/uploads\/2025\/11\/1-min-320x400.jpg\" class=\"attachment-medium size-medium wp-post-image\" alt=\"\" srcset=\"https:\/\/cofarco.com.ar\/ar\/wp-content\/uploads\/2025\/11\/1-min-320x400.jpg 320w, https:\/\/cofarco.com.ar\/ar\/wp-content\/uploads\/2025\/11\/1-min-640x800.jpg 640w, https:\/\/cofarco.com.ar\/ar\/wp-content\/uploads\/2025\/11\/1-min-768x960.jpg 768w, https:\/\/cofarco.com.ar\/ar\/wp-content\/uploads\/2025\/11\/1-min.jpg 1080w\" sizes=\"(max-width: 320px) 100vw, 320px\" \/>  \t\t\t\t\t\t\t  \t\t\t\t\t\t\t  \t\t\t\t\t\t<\/div>\n  \t\t\t\t\t\t  \t\t\t\t\t<\/div>\n          \t\t\t\t\t<div class=\"box-text text-left\" >\n\t\t\t\t\t<div class=\"box-text-inner blog-post-inner\">\n\n\t\t\t\t\t\n\t\t\t\t\t\t\t\t\t\t<h5 class=\"post-title is-larger \">Jornada de Capacitaci\u00f3n en Optimizaci\u00f3n de Antimicrobianos \u2013 20 de noviembre<\/h5>\n\t\t\t\t\t\t\t\t\t\t<div class=\"is-divider\"><\/div>\n\t\t\t\t\t\t\t\t\t\t<p class=\"from_the_blog_excerpt \">En el marco de la Semana Mundial de Concientizaci\u00f3n sobre el Uso de Antimicrobianos, impulsada por la Organizaci\u00f3n Mundial de la Salud, el Instituto de [...]\t\t\t\t\t<\/p>\n\t\t\t\t\t                    \n\t\t\t\t\t\n\t\t\t\t\t\n\t\t\t\t\t<\/div>\n\t\t\t\t\t<\/div>\n\t\t\t\t\t\t\t\t\t\t\t\t\t\t\t\t<div class=\"badge absolute top post-date badge-circle\">\n\t\t\t\t\t\t\t<div class=\"badge-inner\">\n\t\t\t\t\t\t\t\t<span class=\"post-date-day\">17<\/span><br>\n\t\t\t\t\t\t\t\t<span class=\"post-date-month is-xsmall\">Nov<\/span>\n\t\t\t\t\t\t\t<\/div>\n\t\t\t\t\t\t<\/div>\n\t\t\t\t\t\t\t\t\t<\/div>\n\t\t\t\t<\/a>\n\t\t\t<\/div>\n\t\t<\/div>\n\t\t<div class=\"col post-item\" >\n\t\t\t<div class=\"col-inner\">\n\t\t\t<a href=\"https:\/\/cofarco.com.ar\/ar\/2025\/10\/22\/la-unne-vuelve-a-contar-con-la-carrera-de-farmacia\/\" class=\"plain\">\n\t\t\t\t<div class=\"box box-default box-text-bottom box-blog-post has-hover\">\n            \t\t\t\t\t<div class=\"box-image\" >\n  \t\t\t\t\t\t<div class=\"image-cover\" style=\"padding-top:56%;\">\n  \t\t\t\t\t\t\t<img loading=\"lazy\" decoding=\"async\" width=\"320\" height=\"400\" src=\"https:\/\/cofarco.com.ar\/ar\/wp-content\/uploads\/2025\/10\/Cofarco-RRSS-2025-15-320x400.jpg\" class=\"attachment-medium size-medium wp-post-image\" alt=\"\" srcset=\"https:\/\/cofarco.com.ar\/ar\/wp-content\/uploads\/2025\/10\/Cofarco-RRSS-2025-15-320x400.jpg 320w, https:\/\/cofarco.com.ar\/ar\/wp-content\/uploads\/2025\/10\/Cofarco-RRSS-2025-15-640x800.jpg 640w, https:\/\/cofarco.com.ar\/ar\/wp-content\/uploads\/2025\/10\/Cofarco-RRSS-2025-15-768x960.jpg 768w, https:\/\/cofarco.com.ar\/ar\/wp-content\/uploads\/2025\/10\/Cofarco-RRSS-2025-15.jpg 1080w\" sizes=\"(max-width: 320px) 100vw, 320px\" \/>  \t\t\t\t\t\t\t  \t\t\t\t\t\t\t  \t\t\t\t\t\t<\/div>\n  \t\t\t\t\t\t  \t\t\t\t\t<\/div>\n          \t\t\t\t\t<div class=\"box-text text-left\" >\n\t\t\t\t\t<div class=\"box-text-inner blog-post-inner\">\n\n\t\t\t\t\t\n\t\t\t\t\t\t\t\t\t\t<h5 class=\"post-title is-larger \">La UNNE vuelve a contar con la carrera de Farmacia<\/h5>\n\t\t\t\t\t\t\t\t\t\t<div class=\"is-divider\"><\/div>\n\t\t\t\t\t\t\t\t\t\t<p class=\"from_the_blog_excerpt \">Nos complace compartir una excelente noticia para toda la comunidad farmac\u00e9utica: la Universidad Nacional del Nordeste (UNNE) contar\u00e1 nuevamente con la carrera de grado de [...]\t\t\t\t\t<\/p>\n\t\t\t\t\t                    \n\t\t\t\t\t\n\t\t\t\t\t\n\t\t\t\t\t<\/div>\n\t\t\t\t\t<\/div>\n\t\t\t\t\t\t\t\t\t\t\t\t\t\t\t\t<div class=\"badge absolute top post-date badge-circle\">\n\t\t\t\t\t\t\t<div class=\"badge-inner\">\n\t\t\t\t\t\t\t\t<span class=\"post-date-day\">22<\/span><br>\n\t\t\t\t\t\t\t\t<span class=\"post-date-month is-xsmall\">Oct<\/span>\n\t\t\t\t\t\t\t<\/div>\n\t\t\t\t\t\t<\/div>\n\t\t\t\t\t\t\t\t\t<\/div>\n\t\t\t\t<\/a>\n\t\t\t<\/div>\n\t\t<\/div>\n\t\t<div class=\"col post-item\" >\n\t\t\t<div class=\"col-inner\">\n\t\t\t<a href=\"https:\/\/cofarco.com.ar\/ar\/2025\/10\/15\/octubre-es-un-mes-de-compromiso-y-accion\/\" class=\"plain\">\n\t\t\t\t<div class=\"box box-default box-text-bottom box-blog-post has-hover\">\n          \t\t\t\t\t<div class=\"box-text text-left\" >\n\t\t\t\t\t<div class=\"box-text-inner blog-post-inner\">\n\n\t\t\t\t\t\n\t\t\t\t\t\t\t\t\t\t<h5 class=\"post-title is-larger \">Octubre es un mes de compromiso y acci\u00f3n<\/h5>\n\t\t\t\t\t<div class=\"post-meta is-small op-8\">octubre 15, 2025<\/div>\t\t\t\t\t<div class=\"is-divider\"><\/div>\n\t\t\t\t\t\t\t\t\t\t<p class=\"from_the_blog_excerpt \">En el marco del Mes de la Lucha contra el C\u00e1ncer de Mama, la Universidad Nacional del Chaco Austral (UNCAUS) invita a participar de la [...]\t\t\t\t\t<\/p>\n\t\t\t\t\t                    \n\t\t\t\t\t\n\t\t\t\t\t\n\t\t\t\t\t<\/div>\n\t\t\t\t\t<\/div>\n\t\t\t\t\t\t\t\t\t<\/div>\n\t\t\t\t<\/a>\n\t\t\t<\/div>\n\t\t<\/div>\n\t\t<div class=\"col post-item\" >\n\t\t\t<div class=\"col-inner\">\n\t\t\t<a href=\"https:\/\/cofarco.com.ar\/ar\/2025\/10\/07\/programa-congreso-farmaceutico-argentino-2-025\/\" class=\"plain\">\n\t\t\t\t<div class=\"box box-default box-text-bottom box-blog-post has-hover\">\n            \t\t\t\t\t<div class=\"box-image\" >\n  \t\t\t\t\t\t<div class=\"image-cover\" style=\"padding-top:56%;\">\n  \t\t\t\t\t\t\t<img loading=\"lazy\" decoding=\"async\" width=\"400\" height=\"400\" src=\"https:\/\/cofarco.com.ar\/ar\/wp-content\/uploads\/2025\/10\/AGENDATE-400x400.jpg\" class=\"attachment-medium size-medium wp-post-image\" alt=\"\" srcset=\"https:\/\/cofarco.com.ar\/ar\/wp-content\/uploads\/2025\/10\/AGENDATE-400x400.jpg 400w, https:\/\/cofarco.com.ar\/ar\/wp-content\/uploads\/2025\/10\/AGENDATE-800x800.jpg 800w, https:\/\/cofarco.com.ar\/ar\/wp-content\/uploads\/2025\/10\/AGENDATE-280x280.jpg 280w, https:\/\/cofarco.com.ar\/ar\/wp-content\/uploads\/2025\/10\/AGENDATE-768x768.jpg 768w, https:\/\/cofarco.com.ar\/ar\/wp-content\/uploads\/2025\/10\/AGENDATE.jpg 1080w\" sizes=\"(max-width: 400px) 100vw, 400px\" \/>  \t\t\t\t\t\t\t  \t\t\t\t\t\t\t  \t\t\t\t\t\t<\/div>\n  \t\t\t\t\t\t  \t\t\t\t\t<\/div>\n          \t\t\t\t\t<div class=\"box-text text-left\" >\n\t\t\t\t\t<div class=\"box-text-inner blog-post-inner\">\n\n\t\t\t\t\t\n\t\t\t\t\t\t\t\t\t\t<h5 class=\"post-title is-larger \">PROGRAMA CONGRESO FARMACEUTICO ARGENTINO 2.025<\/h5>\n\t\t\t\t\t\t\t\t\t\t<div class=\"is-divider\"><\/div>\n\t\t\t\t\t\t\t\t\t\t<p class=\"from_the_blog_excerpt \">Buenos d\u00edas, por el presente brindamos a ustedes el programa correspondiente al XXXI Congreso Farmac\u00e9utico Argentino, el cual se llevara a cabo los d\u00edas 9, [...]\t\t\t\t\t<\/p>\n\t\t\t\t\t                    \n\t\t\t\t\t\n\t\t\t\t\t\n\t\t\t\t\t<\/div>\n\t\t\t\t\t<\/div>\n\t\t\t\t\t\t\t\t\t\t\t\t\t\t\t\t<div class=\"badge absolute top post-date badge-circle\">\n\t\t\t\t\t\t\t<div class=\"badge-inner\">\n\t\t\t\t\t\t\t\t<span class=\"post-date-day\">07<\/span><br>\n\t\t\t\t\t\t\t\t<span class=\"post-date-month is-xsmall\">Oct<\/span>\n\t\t\t\t\t\t\t<\/div>\n\t\t\t\t\t\t<\/div>\n\t\t\t\t\t\t\t\t\t<\/div>\n\t\t\t\t<\/a>\n\t\t\t<\/div>\n\t\t<\/div>\n\t\t<div class=\"col post-item\" >\n\t\t\t<div class=\"col-inner\">\n\t\t\t<a href=\"https:\/\/cofarco.com.ar\/ar\/2025\/07\/29\/participa-del-congreso-farmaceutico-argentino-2025\/\" class=\"plain\">\n\t\t\t\t<div class=\"box box-default box-text-bottom box-blog-post has-hover\">\n          \t\t\t\t\t<div class=\"box-text text-left\" >\n\t\t\t\t\t<div class=\"box-text-inner blog-post-inner\">\n\n\t\t\t\t\t\n\t\t\t\t\t\t\t\t\t\t<h5 class=\"post-title is-larger \">\u00a1Particip\u00e1 del Congreso Farmac\u00e9utico Argentino 2025!<\/h5>\n\t\t\t\t\t<div class=\"post-meta is-small op-8\">julio 29, 2025<\/div>\t\t\t\t\t<div class=\"is-divider\"><\/div>\n\t\t\t\t\t\t\t\t\t\t<p class=\"from_the_blog_excerpt \">El Colegio de Farmac\u00e9uticos de Corrientes invita a todos los colegas a ser parte del XXXI Congreso Farmac\u00e9utico Argentino, que se desarrollar\u00e1 del 9 al [...]\t\t\t\t\t<\/p>\n\t\t\t\t\t                    \n\t\t\t\t\t\n\t\t\t\t\t\n\t\t\t\t\t<\/div>\n\t\t\t\t\t<\/div>\n\t\t\t\t\t\t\t\t\t<\/div>\n\t\t\t\t<\/a>\n\t\t\t<\/div>\n\t\t<\/div>\n\t\t<div class=\"col post-item\" >\n\t\t\t<div class=\"col-inner\">\n\t\t\t<a href=\"https:\/\/cofarco.com.ar\/ar\/2025\/07\/25\/invitacion-xii-congreso-argentino-de-esterilizacion-y-desinfeccion-2-025-fudesa\/\" class=\"plain\">\n\t\t\t\t<div class=\"box box-default box-text-bottom box-blog-post has-hover\">\n          \t\t\t\t\t<div class=\"box-text text-left\" >\n\t\t\t\t\t<div class=\"box-text-inner blog-post-inner\">\n\n\t\t\t\t\t\n\t\t\t\t\t\t\t\t\t\t<h5 class=\"post-title is-larger \">INVITACI\u00d3N: XII Congreso Argentino de Esterilizaci\u00f3n y Desinfecci\u00f3n 2.025 (FUDESA)<\/h5>\n\t\t\t\t\t<div class=\"post-meta is-small op-8\">julio 25, 2025<\/div>\t\t\t\t\t<div class=\"is-divider\"><\/div>\n\t\t\t\t\t\t\t\t\t\t<p class=\"from_the_blog_excerpt \">Buenos d\u00edas, tenemos el agrado de dirigirnos a ustedes a los efectos de comunicarles que desde la Fundaci\u00f3n para el Desarrollo de la Esterilizaci\u00f3n en [...]\t\t\t\t\t<\/p>\n\t\t\t\t\t                    \n\t\t\t\t\t\n\t\t\t\t\t\n\t\t\t\t\t<\/div>\n\t\t\t\t\t<\/div>\n\t\t\t\t\t\t\t\t\t<\/div>\n\t\t\t\t<\/a>\n\t\t\t<\/div>\n\t\t<\/div>\n\t\t<div class=\"col post-item\" >\n\t\t\t<div class=\"col-inner\">\n\t\t\t<a href=\"https:\/\/cofarco.com.ar\/ar\/2025\/02\/14\/invitacion-a-curso-actualizacion-para-farmaceuticos-en-esterilizacion-a-bajas-temperaturas\/\" class=\"plain\">\n\t\t\t\t<div class=\"box box-default box-text-bottom box-blog-post has-hover\">\n          \t\t\t\t\t<div class=\"box-text text-left\" >\n\t\t\t\t\t<div class=\"box-text-inner blog-post-inner\">\n\n\t\t\t\t\t\n\t\t\t\t\t\t\t\t\t\t<h5 class=\"post-title is-larger \">Invitaci\u00f3n a Curso Actualizaci\u00f3n para Farmac\u00e9uticos en Esterilizaci\u00f3n a Bajas Temperaturas<\/h5>\n\t\t\t\t\t<div class=\"post-meta is-small op-8\">febrero 14, 2025<\/div>\t\t\t\t\t<div class=\"is-divider\"><\/div>\n\t\t\t\t\t\t\t\t\t\t<p class=\"from_the_blog_excerpt \">Estimados colegas: Desde FUDESA queremos invitarlos al Curso de Actualizaci\u00f3n para Farmac\u00e9uticos en Esterilizaci\u00f3n a Baja Temperatura. Formulario de Inscripci\u00f3n:\u00a0https:\/\/forms.gle\/A9dDwik4uXXhty2y5 Costo Suscriptor FUDESA ($21000):\u00a0https:\/\/mpago.la\/31PTePM Costo [...]\t\t\t\t\t<\/p>\n\t\t\t\t\t                    \n\t\t\t\t\t\n\t\t\t\t\t\n\t\t\t\t\t<\/div>\n\t\t\t\t\t<\/div>\n\t\t\t\t\t\t\t\t\t<\/div>\n\t\t\t\t<\/a>\n\t\t\t<\/div>\n\t\t<\/div>\n\t\t<div class=\"col post-item\" >\n\t\t\t<div class=\"col-inner\">\n\t\t\t<a href=\"https:\/\/cofarco.com.ar\/ar\/2024\/04\/17\/diplomatura-en-farmacia-oncologica-modulo-i-curso-online-2024-fecha-de-inicio-29-de-abril\/\" class=\"plain\">\n\t\t\t\t<div class=\"box box-default box-text-bottom box-blog-post has-hover\">\n          \t\t\t\t\t<div class=\"box-text text-left\" >\n\t\t\t\t\t<div class=\"box-text-inner blog-post-inner\">\n\n\t\t\t\t\t\n\t\t\t\t\t\t\t\t\t\t<h5 class=\"post-title is-larger \">Diplomatura en Farmacia Oncol\u00f3gica (M\u00d3DULO I) \u2013 CURSO ONLINE 2024 \u2013 FECHA DE INICIO 29 DE ABRIL<\/h5>\n\t\t\t\t\t<div class=\"post-meta is-small op-8\">abril 17, 2024<\/div>\t\t\t\t\t<div class=\"is-divider\"><\/div>\n\t\t\t\t\t\t\t\t\t\t<p class=\"from_the_blog_excerpt \">Buenos d\u00edas, informan la nueva Diplomatura que consideran de inter\u00e9s en base el beneficio que poseen nuestros profesionales asociados\/as: Diplomatura en Farmacia Oncol\u00f3gica:\u00a0se cursa online [...]\t\t\t\t\t<\/p>\n\t\t\t\t\t                    \n\t\t\t\t\t\n\t\t\t\t\t\n\t\t\t\t\t<\/div>\n\t\t\t\t\t<\/div>\n\t\t\t\t\t\t\t\t\t<\/div>\n\t\t\t\t<\/a>\n\t\t\t<\/div>\n\t\t<\/div>\n\t\t<div class=\"col post-item\" >\n\t\t\t<div class=\"col-inner\">\n\t\t\t<a href=\"https:\/\/cofarco.com.ar\/ar\/2023\/11\/09\/jornada-de-farmacia-y-bioquimica-de-corrientes-3\/\" class=\"plain\">\n\t\t\t\t<div class=\"box box-default box-text-bottom box-blog-post has-hover\">\n          \t\t\t\t\t<div class=\"box-text text-left\" >\n\t\t\t\t\t<div class=\"box-text-inner blog-post-inner\">\n\n\t\t\t\t\t\n\t\t\t\t\t\t\t\t\t\t<h5 class=\"post-title is-larger \">II Jornadas de Farmacia y Bioqu\u00edmica de Corrientes: &#8220;Desaf\u00edos Actuales de la Formaci\u00f3n Integral&#8221;<\/h5>\n\t\t\t\t\t<div class=\"post-meta is-small op-8\">noviembre 9, 2023<\/div>\t\t\t\t\t<div class=\"is-divider\"><\/div>\n\t\t\t\t\t\t\t\t\t\t<p class=\"from_the_blog_excerpt \">Estimados Colegas: Informamos a ustedes que junto con el Colegio de Bioqu\u00edmicos de la Provincia de Corrientes, realizaremos las\u00a0II Jornadas de Farmacia y Bioqu\u00edmica de [...]\t\t\t\t\t<\/p>\n\t\t\t\t\t                    \n\t\t\t\t\t\n\t\t\t\t\t\n\t\t\t\t\t<\/div>\n\t\t\t\t\t<\/div>\n\t\t\t\t\t\t\t\t\t<\/div>\n\t\t\t\t<\/a>\n\t\t\t<\/div>\n\t\t<\/div>\n\t\t<div class=\"col post-item\" >\n\t\t\t<div class=\"col-inner\">\n\t\t\t<a href=\"https:\/\/cofarco.com.ar\/ar\/2023\/09\/27\/curso-online-bases-de-la-medicina-del-dolor-para-farmaceuticos-cofa\/\" class=\"plain\">\n\t\t\t\t<div class=\"box box-default box-text-bottom box-blog-post has-hover\">\n          \t\t\t\t\t<div class=\"box-text text-left\" >\n\t\t\t\t\t<div class=\"box-text-inner blog-post-inner\">\n\n\t\t\t\t\t\n\t\t\t\t\t\t\t\t\t\t<h5 class=\"post-title is-larger \">Curso Online: Bases de la Medicina del Dolor para Farmac\u00e9uticos (COFA)<\/h5>\n\t\t\t\t\t<div class=\"post-meta is-small op-8\">septiembre 27, 2023<\/div>\t\t\t\t\t<div class=\"is-divider\"><\/div>\n\t\t\t\t\t\t\t\t\t\t<p class=\"from_the_blog_excerpt \">El 3 de octubre comienza un curso online sobre dolor, dirigido por el Dr. Sergio Daniel Garz\u00f3n, Docente de la Carrera de M\u00e9dico Especialista en [...]\t\t\t\t\t<\/p>\n\t\t\t\t\t                    \n\t\t\t\t\t\n\t\t\t\t\t\n\t\t\t\t\t<\/div>\n\t\t\t\t\t<\/div>\n\t\t\t\t\t\t\t\t\t<\/div>\n\t\t\t\t<\/a>\n\t\t\t<\/div>\n\t\t<\/div>\n\t\t<div class=\"col post-item\" >\n\t\t\t<div class=\"col-inner\">\n\t\t\t<a href=\"https:\/\/cofarco.com.ar\/ar\/2023\/04\/19\/curso-virtual-infecciones-micoticas-de-pies-y-unas-casasco\/\" class=\"plain\">\n\t\t\t\t<div class=\"box box-default box-text-bottom box-blog-post has-hover\">\n          \t\t\t\t\t<div class=\"box-text text-left\" >\n\t\t\t\t\t<div class=\"box-text-inner blog-post-inner\">\n\n\t\t\t\t\t\n\t\t\t\t\t\t\t\t\t\t<h5 class=\"post-title is-larger \">CURSO VIRTUAL: Infecciones Mic\u00f3ticas de pies y u\u00f1as (CASASCO)<\/h5>\n\t\t\t\t\t<div class=\"post-meta is-small op-8\">abril 19, 2023<\/div>\t\t\t\t\t<div class=\"is-divider\"><\/div>\n\t\t\t\t\t\t\t\t\t\t<p class=\"from_the_blog_excerpt \">El laboratorio Casasco organiza una serie de cursos que ser\u00e1n de participaci\u00f3n abierta y gratuita para los asociados al Colegio de Farmac\u00e9uticos de Corrientes. El [...]\t\t\t\t\t<\/p>\n\t\t\t\t\t                    \n\t\t\t\t\t\n\t\t\t\t\t\n\t\t\t\t\t<\/div>\n\t\t\t\t\t<\/div>\n\t\t\t\t\t\t\t\t\t<\/div>\n\t\t\t\t<\/a>\n\t\t\t<\/div>\n\t\t<\/div>\n\t\t<div class=\"col post-item\" >\n\t\t\t<div class=\"col-inner\">\n\t\t\t<a href=\"https:\/\/cofarco.com.ar\/ar\/2022\/11\/23\/jornada-de-farmacia-y-bioquimica-de-corrientes-2\/\" class=\"plain\">\n\t\t\t\t<div class=\"box box-default box-text-bottom box-blog-post has-hover\">\n          \t\t\t\t\t<div class=\"box-text text-left\" >\n\t\t\t\t\t<div class=\"box-text-inner blog-post-inner\">\n\n\t\t\t\t\t\n\t\t\t\t\t\t\t\t\t\t<h5 class=\"post-title is-larger \">IMPORTANTE: CAMBIO DE LUGAR de la 1\u00b0 Jornada de Farmacia y Bioqu\u00edmica de Corrientes: &#8220;Un mundo de incumbencias&#8221;<\/h5>\n\t\t\t\t\t<div class=\"post-meta is-small op-8\">noviembre 23, 2022<\/div>\t\t\t\t\t<div class=\"is-divider\"><\/div>\n\t\t\t\t\t\t\t\t\t\t<p class=\"from_the_blog_excerpt \">Estimados Colegas: Informamos que se realiz\u00f3 un\u00a0cambio de sede\u00a0donde se desarrollar\u00e1 la 1\u00b0 Jornada de Farmacia y Bioqu\u00edmicos de Corrientes bajo el lema: &#8220;Un mundo [...]\t\t\t\t\t<\/p>\n\t\t\t\t\t                    \n\t\t\t\t\t\n\t\t\t\t\t\n\t\t\t\t\t<\/div>\n\t\t\t\t\t<\/div>\n\t\t\t\t\t\t\t\t\t<\/div>\n\t\t\t\t<\/a>\n\t\t\t<\/div>\n\t\t<\/div>\n\t\t<div class=\"col post-item\" >\n\t\t\t<div class=\"col-inner\">\n\t\t\t<a href=\"https:\/\/cofarco.com.ar\/ar\/2022\/11\/01\/jornada-de-farmacia-y-bioquimica-de-corrientes\/\" class=\"plain\">\n\t\t\t\t<div class=\"box box-default box-text-bottom box-blog-post has-hover\">\n          \t\t\t\t\t<div class=\"box-text text-left\" >\n\t\t\t\t\t<div class=\"box-text-inner blog-post-inner\">\n\n\t\t\t\t\t\n\t\t\t\t\t\t\t\t\t\t<h5 class=\"post-title is-larger \">1\u00b0 Jornada de Farmacia y Bioqu\u00edmica de Corrientes: &#8220;Un mundo de incumbencias&#8221;<\/h5>\n\t\t\t\t\t<div class=\"post-meta is-small op-8\">noviembre 1, 2022<\/div>\t\t\t\t\t<div class=\"is-divider\"><\/div>\n\t\t\t\t\t\t\t\t\t\t<p class=\"from_the_blog_excerpt \">Estimados Colegas: Junto con el Colegio de Bioqu\u00edmicos de la Provincia de Corrientes, realizaremos la 1\u00b0 Jornada de Farmacia y Bioqu\u00edmicos de Corrientes bajo el [...]\t\t\t\t\t<\/p>\n\t\t\t\t\t                    \n\t\t\t\t\t\n\t\t\t\t\t\n\t\t\t\t\t<\/div>\n\t\t\t\t\t<\/div>\n\t\t\t\t\t\t\t\t\t<\/div>\n\t\t\t\t<\/a>\n\t\t\t<\/div>\n\t\t<\/div>\n\t\t<div class=\"col post-item\" >\n\t\t\t<div class=\"col-inner\">\n\t\t\t<a href=\"https:\/\/cofarco.com.ar\/ar\/2022\/09\/15\/curso-trastornos-de-ansiedad-y-depresion-criterios-en-personas-mayores-casasco\/\" class=\"plain\">\n\t\t\t\t<div class=\"box box-default box-text-bottom box-blog-post has-hover\">\n          \t\t\t\t\t<div class=\"box-text text-left\" >\n\t\t\t\t\t<div class=\"box-text-inner blog-post-inner\">\n\n\t\t\t\t\t\n\t\t\t\t\t\t\t\t\t\t<h5 class=\"post-title is-larger \">Curso \u201cAntileucotrienos (Montelukast) en Pediatr\u00eda&#8221; (Casasco)<\/h5>\n\t\t\t\t\t<div class=\"post-meta is-small op-8\">septiembre 15, 2022<\/div>\t\t\t\t\t<div class=\"is-divider\"><\/div>\n\t\t\t\t\t\t\t\t\t\t<p class=\"from_the_blog_excerpt \">El laboratorio Casasco organiza una serie de cursos que ser\u00e1n de participaci\u00f3n abierta y gratuita para los asociados al Colegio de Farmac\u00e9uticos de Corrientes. El [...]\t\t\t\t\t<\/p>\n\t\t\t\t\t                    \n\t\t\t\t\t\n\t\t\t\t\t\n\t\t\t\t\t<\/div>\n\t\t\t\t\t<\/div>\n\t\t\t\t\t\t\t\t\t<\/div>\n\t\t\t\t<\/a>\n\t\t\t<\/div>\n\t\t<\/div>\n\t\t<div class=\"col post-item\" >\n\t\t\t<div class=\"col-inner\">\n\t\t\t<a href=\"https:\/\/cofarco.com.ar\/ar\/2022\/09\/05\/invitacion-inscripcion-y-costos-del-xxviii-congreso-farmaceutico-argentino\/\" class=\"plain\">\n\t\t\t\t<div class=\"box box-default box-text-bottom box-blog-post has-hover\">\n          \t\t\t\t\t<div class=\"box-text text-left\" >\n\t\t\t\t\t<div class=\"box-text-inner blog-post-inner\">\n\n\t\t\t\t\t\n\t\t\t\t\t\t\t\t\t\t<h5 class=\"post-title is-larger \">Invitaci\u00f3n, Inscripci\u00f3n y Costos del \u201cXXVIII Congreso Farmac\u00e9utico Argentino&#8221;<\/h5>\n\t\t\t\t\t<div class=\"post-meta is-small op-8\">septiembre 5, 2022<\/div>\t\t\t\t\t<div class=\"is-divider\"><\/div>\n\t\t\t\t\t\t\t\t\t\t<p class=\"from_the_blog_excerpt \">Sres. asociados\/as, tenemos el agrado de dirigirnos a ustedes con el prop\u00f3sito de informar e invitarlos al \u201cXXVIII Congreso Farmac\u00e9utico Argentino: Rol multidisciplinar de los [...]\t\t\t\t\t<\/p>\n\t\t\t\t\t                    \n\t\t\t\t\t\n\t\t\t\t\t\n\t\t\t\t\t<\/div>\n\t\t\t\t\t<\/div>\n\t\t\t\t\t\t\t\t\t<\/div>\n\t\t\t\t<\/a>\n\t\t\t<\/div>\n\t\t<\/div>\n\t\t<div class=\"col post-item\" >\n\t\t\t<div class=\"col-inner\">\n\t\t\t<a href=\"https:\/\/cofarco.com.ar\/ar\/2022\/08\/30\/cursos-online-septiembre-2022-colegio-de-farmaceuticos-de-cordoba\/\" class=\"plain\">\n\t\t\t\t<div class=\"box box-default box-text-bottom box-blog-post has-hover\">\n          \t\t\t\t\t<div class=\"box-text text-left\" >\n\t\t\t\t\t<div class=\"box-text-inner blog-post-inner\">\n\n\t\t\t\t\t\n\t\t\t\t\t\t\t\t\t\t<h5 class=\"post-title is-larger \">Cursos Online septiembre 2022 &#8211; Colegio de Farmac\u00e9uticos de C\u00f3rdoba<\/h5>\n\t\t\t\t\t<div class=\"post-meta is-small op-8\">agosto 30, 2022<\/div>\t\t\t\t\t<div class=\"is-divider\"><\/div>\n\t\t\t\t\t\t\t\t\t\t<p class=\"from_the_blog_excerpt \">El Colegio de Farmac\u00e9uticos de C\u00f3rdoba invita a participar de los curso on-line que iniciar\u00e1n el 16 y 23 de septiembre del 2.022:FARMACOVIGILANCIA PARA PERSONAL [...]\t\t\t\t\t<\/p>\n\t\t\t\t\t                    \n\t\t\t\t\t\n\t\t\t\t\t\n\t\t\t\t\t<\/div>\n\t\t\t\t\t<\/div>\n\t\t\t\t\t\t\t\t\t<\/div>\n\t\t\t\t<\/a>\n\t\t\t<\/div>\n\t\t<\/div>\n\t\t<div class=\"col post-item\" >\n\t\t\t<div class=\"col-inner\">\n\t\t\t<a href=\"https:\/\/cofarco.com.ar\/ar\/2022\/08\/18\/convocan-a-profesionales-para-residencia-en-farmacia-hospitaria-corrientes\/\" class=\"plain\">\n\t\t\t\t<div class=\"box box-default box-text-bottom box-blog-post has-hover\">\n          \t\t\t\t\t<div class=\"box-text text-left\" >\n\t\t\t\t\t<div class=\"box-text-inner blog-post-inner\">\n\n\t\t\t\t\t\n\t\t\t\t\t\t\t\t\t\t<h5 class=\"post-title is-larger \">Convocan a profesionales para Residencia en Farmacia Hospitaria (Corrientes)<\/h5>\n\t\t\t\t\t<div class=\"post-meta is-small op-8\">agosto 18, 2022<\/div>\t\t\t\t\t<div class=\"is-divider\"><\/div>\n\t\t\t\t\t\t\t\t\t\t<p class=\"from_the_blog_excerpt \">El Instituto de Cardiolog\u00eda de Corrientes abre el segundo llamado a la Residencia en Farmacia Hospitalaria, convocando a profesionales que hayan obtenido el t\u00edtulo de [...]\t\t\t\t\t<\/p>\n\t\t\t\t\t                    \n\t\t\t\t\t\n\t\t\t\t\t\n\t\t\t\t\t<\/div>\n\t\t\t\t\t<\/div>\n\t\t\t\t\t\t\t\t\t<\/div>\n\t\t\t\t<\/a>\n\t\t\t<\/div>\n\t\t<\/div>\n\t\t<div class=\"col post-item\" >\n\t\t\t<div class=\"col-inner\">\n\t\t\t<a href=\"https:\/\/cofarco.com.ar\/ar\/2022\/08\/17\/xxviii-congreso-farmaceutico-argentino-rosario-2022\/\" class=\"plain\">\n\t\t\t\t<div class=\"box box-default box-text-bottom box-blog-post has-hover\">\n          \t\t\t\t\t<div class=\"box-text text-left\" >\n\t\t\t\t\t<div class=\"box-text-inner blog-post-inner\">\n\n\t\t\t\t\t\n\t\t\t\t\t\t\t\t\t\t<h5 class=\"post-title is-larger \">XXVIII Congreso Farmac\u00e9utico Argentino \u2013 Rosario 2022<\/h5>\n\t\t\t\t\t<div class=\"post-meta is-small op-8\">agosto 17, 2022<\/div>\t\t\t\t\t<div class=\"is-divider\"><\/div>\n\t\t\t\t\t\t\t\t\t\t<p class=\"from_the_blog_excerpt \">La Edici\u00f3n XXVIII del Congreso Farmac\u00e9utico Argentino se desarrollar\u00e1 este a\u00f1o en la ciudad de Rosario los d\u00edas 20, 21 y 22 de octubre, con [...]\t\t\t\t\t<\/p>\n\t\t\t\t\t                    \n\t\t\t\t\t\n\t\t\t\t\t\n\t\t\t\t\t<\/div>\n\t\t\t\t\t<\/div>\n\t\t\t\t\t\t\t\t\t<\/div>\n\t\t\t\t<\/a>\n\t\t\t<\/div>\n\t\t<\/div>\n\t\t<div class=\"col post-item\" >\n\t\t\t<div class=\"col-inner\">\n\t\t\t<a href=\"https:\/\/cofarco.com.ar\/ar\/2022\/08\/16\/curso-de-asistencia-farmaceutica-clozapina\/\" class=\"plain\">\n\t\t\t\t<div class=\"box box-default box-text-bottom box-blog-post has-hover\">\n          \t\t\t\t\t<div class=\"box-text text-left\" >\n\t\t\t\t\t<div class=\"box-text-inner blog-post-inner\">\n\n\t\t\t\t\t\n\t\t\t\t\t\t\t\t\t\t<h5 class=\"post-title is-larger \">Curso de \u201cAsistencia Farmac\u00e9utica. Clozapina\u201d<\/h5>\n\t\t\t\t\t<div class=\"post-meta is-small op-8\">agosto 16, 2022<\/div>\t\t\t\t\t<div class=\"is-divider\"><\/div>\n\t\t\t\t\t\t\t\t\t\t<p class=\"from_the_blog_excerpt \">El Colegio de Farmac\u00e9uticos de la Provincia de Corrientes organiza el Curso presencial \u201cAsistencia Farmac\u00e9utica. Clozapina\u201d que iniciar\u00e1 el 30 de agosto, en la sede [...]\t\t\t\t\t<\/p>\n\t\t\t\t\t                    \n\t\t\t\t\t\n\t\t\t\t\t\n\t\t\t\t\t<\/div>\n\t\t\t\t\t<\/div>\n\t\t\t\t\t\t\t\t\t<\/div>\n\t\t\t\t<\/a>\n\t\t\t<\/div>\n\t\t<\/div>\n\t\t<div class=\"col post-item\" >\n\t\t\t<div class=\"col-inner\">\n\t\t\t<a href=\"https:\/\/cofarco.com.ar\/ar\/2022\/08\/16\/curso-farmacoeconomia-en-el-contexto-actual\/\" class=\"plain\">\n\t\t\t\t<div class=\"box box-default box-text-bottom box-blog-post has-hover\">\n          \t\t\t\t\t<div class=\"box-text text-left\" >\n\t\t\t\t\t<div class=\"box-text-inner blog-post-inner\">\n\n\t\t\t\t\t\n\t\t\t\t\t\t\t\t\t\t<h5 class=\"post-title is-larger \">Curso Farmacoeconom\u00eda en el contexto actual<\/h5>\n\t\t\t\t\t<div class=\"post-meta is-small op-8\">agosto 16, 2022<\/div>\t\t\t\t\t<div class=\"is-divider\"><\/div>\n\t\t\t\t\t\t\t\t\t\t<p class=\"from_the_blog_excerpt \">Bajo la direcci\u00f3n del Dr. Jos\u00e9 Julio Daniel Alvarado, el Instituto de Pol\u00edtica, Econom\u00eda y Gesti\u00f3n en Salud (Ipegsa) organiza el Curso Farmacoeconom\u00eda en el [...]\t\t\t\t\t<\/p>\n\t\t\t\t\t                    \n\t\t\t\t\t\n\t\t\t\t\t\n\t\t\t\t\t<\/div>\n\t\t\t\t\t<\/div>\n\t\t\t\t\t\t\t\t\t<\/div>\n\t\t\t\t<\/a>\n\t\t\t<\/div>\n\t\t<\/div>\n\t\t<div class=\"col post-item\" >\n\t\t\t<div class=\"col-inner\">\n\t\t\t<a href=\"https:\/\/cofarco.com.ar\/ar\/2022\/08\/11\/curso-los-biofarmacos-y-la-medicina-del-futuro-universidad-isalud\/\" class=\"plain\">\n\t\t\t\t<div class=\"box box-default box-text-bottom box-blog-post has-hover\">\n          \t\t\t\t\t<div class=\"box-text text-left\" >\n\t\t\t\t\t<div class=\"box-text-inner blog-post-inner\">\n\n\t\t\t\t\t\n\t\t\t\t\t\t\t\t\t\t<h5 class=\"post-title is-larger \">CURSO: \u201cLos Biof\u00e1rmacos y La Medicina del Futuro\u201d (Universidad ISALUD)<\/h5>\n\t\t\t\t\t<div class=\"post-meta is-small op-8\">agosto 11, 2022<\/div>\t\t\t\t\t<div class=\"is-divider\"><\/div>\n\t\t\t\t\t\t\t\t\t\t<p class=\"from_the_blog_excerpt \">La Universidad ISALUD invita al Curso \u201cLos Biof\u00e1rmacos y La Medicina del Futuro\u201d que iniciar\u00e1 el 16 de agosto, a cargo del Lic. Esteban Corley [...]\t\t\t\t\t<\/p>\n\t\t\t\t\t                    \n\t\t\t\t\t\n\t\t\t\t\t\n\t\t\t\t\t<\/div>\n\t\t\t\t\t<\/div>\n\t\t\t\t\t\t\t\t\t<\/div>\n\t\t\t\t<\/a>\n\t\t\t<\/div>\n\t\t<\/div>\n\t\t<div class=\"col post-item\" >\n\t\t\t<div class=\"col-inner\">\n\t\t\t<a href=\"https:\/\/cofarco.com.ar\/ar\/2022\/08\/10\/invitacion-primeras-jornadas-farmaceuticas-chaquenas-y-fiesta-anual-2022\/\" class=\"plain\">\n\t\t\t\t<div class=\"box box-default box-text-bottom box-blog-post has-hover\">\n          \t\t\t\t\t<div class=\"box-text text-left\" >\n\t\t\t\t\t<div class=\"box-text-inner blog-post-inner\">\n\n\t\t\t\t\t\n\t\t\t\t\t\t\t\t\t\t<h5 class=\"post-title is-larger \">Invitaci\u00f3n: Primeras Jornadas Farmac\u00e9uticas Chaque\u00f1as y Fiesta Anual 2022<\/h5>\n\t\t\t\t\t<div class=\"post-meta is-small op-8\">agosto 10, 2022<\/div>\t\t\t\t\t<div class=\"is-divider\"><\/div>\n\t\t\t\t\t\t\t\t\t\t<p class=\"from_the_blog_excerpt \">Estimados Colegas:Con alegr\u00eda y satisfacci\u00f3n, los invitamos a participar de las Primeras Jornadas Farmac\u00e9uticas Chaque\u00f1as, a realizarse los d\u00edas 16 y 17 de septiembre de [...]\t\t\t\t\t<\/p>\n\t\t\t\t\t                    \n\t\t\t\t\t\n\t\t\t\t\t\n\t\t\t\t\t<\/div>\n\t\t\t\t\t<\/div>\n\t\t\t\t\t\t\t\t\t<\/div>\n\t\t\t\t<\/a>\n\t\t\t<\/div>\n\t\t<\/div>\n\t\t<div class=\"col post-item\" >\n\t\t\t<div class=\"col-inner\">\n\t\t\t<a href=\"https:\/\/cofarco.com.ar\/ar\/2022\/08\/05\/diplomatura-servicios-profesionales-farmaceuticos-asistenciales-2-022-colegio-de-cordobade-cordoba\/\" class=\"plain\">\n\t\t\t\t<div class=\"box box-default box-text-bottom box-blog-post has-hover\">\n          \t\t\t\t\t<div class=\"box-text text-left\" >\n\t\t\t\t\t<div class=\"box-text-inner blog-post-inner\">\n\n\t\t\t\t\t\n\t\t\t\t\t\t\t\t\t\t<h5 class=\"post-title is-larger \">Diplomatura Servicios Profesionales Farmac\u00e9uticos Asistenciales 2.022 (Colegio de C\u00f3rdoba)<\/h5>\n\t\t\t\t\t<div class=\"post-meta is-small op-8\">agosto 5, 2022<\/div>\t\t\t\t\t<div class=\"is-divider\"><\/div>\n\t\t\t\t\t\t\t\t\t\t<p class=\"from_the_blog_excerpt \">Posgrado online 2022: Diplomatura en Servicios Profesionales Farmac\u00e9uticos Asistenciales\u00a0&#8211; 3\u00aa cohorte &#8211; El Colegio de Farmac\u00e9uticos de C\u00f3rdoba organiza la tercer cohorte del Posgrado online [...]\t\t\t\t\t<\/p>\n\t\t\t\t\t                    \n\t\t\t\t\t\n\t\t\t\t\t\n\t\t\t\t\t<\/div>\n\t\t\t\t\t<\/div>\n\t\t\t\t\t\t\t\t\t<\/div>\n\t\t\t\t<\/a>\n\t\t\t<\/div>\n\t\t<\/div>\n\t\t<div class=\"col post-item\" >\n\t\t\t<div class=\"col-inner\">\n\t\t\t<a href=\"https:\/\/cofarco.com.ar\/ar\/2022\/08\/03\/curso-alergia-ocular-casasco\/\" class=\"plain\">\n\t\t\t\t<div class=\"box box-default box-text-bottom box-blog-post has-hover\">\n          \t\t\t\t\t<div class=\"box-text text-left\" >\n\t\t\t\t\t<div class=\"box-text-inner blog-post-inner\">\n\n\t\t\t\t\t\n\t\t\t\t\t\t\t\t\t\t<h5 class=\"post-title is-larger \">Curso \u201cAlergia Ocular\u201d (Casasco)<\/h5>\n\t\t\t\t\t<div class=\"post-meta is-small op-8\">agosto 3, 2022<\/div>\t\t\t\t\t<div class=\"is-divider\"><\/div>\n\t\t\t\t\t\t\t\t\t\t<p class=\"from_the_blog_excerpt \">El laboratorio Casasco organiza una serie de cursos que ser\u00e1n de participaci\u00f3n abierta y gratuita para los asociados al Colegio de Farmac\u00e9uticos de Corrientes. El [...]\t\t\t\t\t<\/p>\n\t\t\t\t\t                    \n\t\t\t\t\t\n\t\t\t\t\t\n\t\t\t\t\t<\/div>\n\t\t\t\t\t<\/div>\n\t\t\t\t\t\t\t\t\t<\/div>\n\t\t\t\t<\/a>\n\t\t\t<\/div>\n\t\t<\/div>\n\t\t<div class=\"col post-item\" >\n\t\t\t<div class=\"col-inner\">\n\t\t\t<a href=\"https:\/\/cofarco.com.ar\/ar\/2022\/06\/23\/re-edicion-del-curso-nacional-sobre-cannabis-medicinal-por-cofa\/\" class=\"plain\">\n\t\t\t\t<div class=\"box box-default box-text-bottom box-blog-post has-hover\">\n          \t\t\t\t\t<div class=\"box-text text-left\" >\n\t\t\t\t\t<div class=\"box-text-inner blog-post-inner\">\n\n\t\t\t\t\t\n\t\t\t\t\t\t\t\t\t\t<h5 class=\"post-title is-larger \">Re-edici\u00f3n del Curso Nacional sobre Cannabis Medicinal (por COFA)<\/h5>\n\t\t\t\t\t<div class=\"post-meta is-small op-8\">junio 23, 2022<\/div>\t\t\t\t\t<div class=\"is-divider\"><\/div>\n\t\t\t\t\t\t\t\t\t\t<p class=\"from_the_blog_excerpt \">Este a\u00f1o se reeditar\u00e1 el Curso Nacional sobre Cannabis Medicinal. La inscripci\u00f3n ser\u00e1 gratuita para farmac\u00e9uticos de COFA\/COFARCO, y los cupos, limitados. El curso, cuya [...]\t\t\t\t\t<\/p>\n\t\t\t\t\t                    \n\t\t\t\t\t\n\t\t\t\t\t\n\t\t\t\t\t<\/div>\n\t\t\t\t\t<\/div>\n\t\t\t\t\t\t\t\t\t<\/div>\n\t\t\t\t<\/a>\n\t\t\t<\/div>\n\t\t<\/div>\n\t\t<div class=\"col post-item\" >\n\t\t\t<div class=\"col-inner\">\n\t\t\t<a href=\"https:\/\/cofarco.com.ar\/ar\/2022\/04\/21\/diplomatura-universitaria-en-farmacoterapeutica-de-patologias-prevalentes-cofatuc\/\" class=\"plain\">\n\t\t\t\t<div class=\"box box-default box-text-bottom box-blog-post has-hover\">\n          \t\t\t\t\t<div class=\"box-text text-left\" >\n\t\t\t\t\t<div class=\"box-text-inner blog-post-inner\">\n\n\t\t\t\t\t\n\t\t\t\t\t\t\t\t\t\t<h5 class=\"post-title is-larger \">Diplomatura Universitaria en Farmacoterap\u00e9utica de Patolog\u00edas Prevalentes &#8211; CoFaTuc<\/h5>\n\t\t\t\t\t<div class=\"post-meta is-small op-8\">abril 21, 2022<\/div>\t\t\t\t\t<div class=\"is-divider\"><\/div>\n\t\t\t\t\t\t\t\t\t\t<p class=\"from_the_blog_excerpt \">El Colegio de Farmac\u00e9uticos de Tucum\u00e1n,\u00a0 invita a participar de la \u201cDiplomatura Universitaria en Farmacoterap\u00e9utica de Patolog\u00edas Prevalentes\u201d; la misma est\u00e1 destinada especialmente a Profesionales [...]\t\t\t\t\t<\/p>\n\t\t\t\t\t                    \n\t\t\t\t\t\n\t\t\t\t\t\n\t\t\t\t\t<\/div>\n\t\t\t\t\t<\/div>\n\t\t\t\t\t\t\t\t\t<\/div>\n\t\t\t\t<\/a>\n\t\t\t<\/div>\n\t\t<\/div>\n\t\t<div class=\"col post-item\" >\n\t\t\t<div class=\"col-inner\">\n\t\t\t<a href=\"https:\/\/cofarco.com.ar\/ar\/2022\/04\/21\/nuevo-curso-virtual-colegio-de-farmaceuticos-de-cordoba-ano-2-022\/\" class=\"plain\">\n\t\t\t\t<div class=\"box box-default box-text-bottom box-blog-post has-hover\">\n          \t\t\t\t\t<div class=\"box-text text-left\" >\n\t\t\t\t\t<div class=\"box-text-inner blog-post-inner\">\n\n\t\t\t\t\t\n\t\t\t\t\t\t\t\t\t\t<h5 class=\"post-title is-larger \">Nuevo Curso virtual &#8211; Colegio de Farmac\u00e9uticos de C\u00f3rdoba (A\u00d1O 2.022)<\/h5>\n\t\t\t\t\t<div class=\"post-meta is-small op-8\">abril 21, 2022<\/div>\t\t\t\t\t<div class=\"is-divider\"><\/div>\n\t\t\t\t\t\t\t\t\t\t<p class=\"from_the_blog_excerpt \">El Colegio de Farmac\u00e9uticos de C\u00f3rdoba presenta su propuesta de formaci\u00f3n virtual (a trav\u00e9s del aula virtual del CFC) con fecha de inicio el 29 [...]\t\t\t\t\t<\/p>\n\t\t\t\t\t                    \n\t\t\t\t\t\n\t\t\t\t\t\n\t\t\t\t\t<\/div>\n\t\t\t\t\t<\/div>\n\t\t\t\t\t\t\t\t\t<\/div>\n\t\t\t\t<\/a>\n\t\t\t<\/div>\n\t\t<\/div>\n\t\t<div class=\"col post-item\" >\n\t\t\t<div class=\"col-inner\">\n\t\t\t<a href=\"https:\/\/cofarco.com.ar\/ar\/2022\/04\/18\/curso-virtual-casasco-esclerosis-multiple-la-gran-simuladora\/\" class=\"plain\">\n\t\t\t\t<div class=\"box box-default box-text-bottom box-blog-post has-hover\">\n          \t\t\t\t\t<div class=\"box-text text-left\" >\n\t\t\t\t\t<div class=\"box-text-inner blog-post-inner\">\n\n\t\t\t\t\t\n\t\t\t\t\t\t\t\t\t\t<h5 class=\"post-title is-larger \">CURSO VIRTUAL (CASASCO): &#8220;Esclerosis M\u00faltiple &#8211; La gran simuladora&#8221;<\/h5>\n\t\t\t\t\t<div class=\"post-meta is-small op-8\">abril 18, 2022<\/div>\t\t\t\t\t<div class=\"is-divider\"><\/div>\n\t\t\t\t\t\t\t\t\t\t<p class=\"from_the_blog_excerpt \">El laboratorio Casasco organiza una serie de cursos que ser\u00e1n de participaci\u00f3n abierta y gratuita para los asociados al Colegio de Farmac\u00e9uticos de Corrientes. El [...]\t\t\t\t\t<\/p>\n\t\t\t\t\t                    \n\t\t\t\t\t\n\t\t\t\t\t\n\t\t\t\t\t<\/div>\n\t\t\t\t\t<\/div>\n\t\t\t\t\t\t\t\t\t<\/div>\n\t\t\t\t<\/a>\n\t\t\t<\/div>\n\t\t<\/div>\n\t\t<div class=\"col post-item\" >\n\t\t\t<div class=\"col-inner\">\n\t\t\t<a href=\"https:\/\/cofarco.com.ar\/ar\/2022\/04\/07\/nueva-cohorte-diplomatura-en-farmacia-oncologica-2022-23\/\" class=\"plain\">\n\t\t\t\t<div class=\"box box-default box-text-bottom box-blog-post has-hover\">\n          \t\t\t\t\t<div class=\"box-text text-left\" >\n\t\t\t\t\t<div class=\"box-text-inner blog-post-inner\">\n\n\t\t\t\t\t\n\t\t\t\t\t\t\t\t\t\t<h5 class=\"post-title is-larger \">Nueva cohorte: Diplomatura en Farmacia Oncol\u00f3gica 2022\/23<\/h5>\n\t\t\t\t\t<div class=\"post-meta is-small op-8\">abril 7, 2022<\/div>\t\t\t\t\t<div class=\"is-divider\"><\/div>\n\t\t\t\t\t\t\t\t\t\t<p class=\"from_the_blog_excerpt \">La Confederaci\u00f3n Farmac\u00e9utica Argentina informa sobre una nueva cohorte\u00a0de la Diplomatura en Farmacia Oncol\u00f3gica. El M\u00f3dulo I iniciar\u00e1 el 25 de abril y las inscripciones [...]\t\t\t\t\t<\/p>\n\t\t\t\t\t                    \n\t\t\t\t\t\n\t\t\t\t\t\n\t\t\t\t\t<\/div>\n\t\t\t\t\t<\/div>\n\t\t\t\t\t\t\t\t\t<\/div>\n\t\t\t\t<\/a>\n\t\t\t<\/div>\n\t\t<\/div>\n\t\t<div class=\"col post-item\" >\n\t\t\t<div class=\"col-inner\">\n\t\t\t<a href=\"https:\/\/cofarco.com.ar\/ar\/2022\/03\/30\/casasco-curso-anemia-cronica-causas-frecuentes-de-consulta\/\" class=\"plain\">\n\t\t\t\t<div class=\"box box-default box-text-bottom box-blog-post has-hover\">\n          \t\t\t\t\t<div class=\"box-text text-left\" >\n\t\t\t\t\t<div class=\"box-text-inner blog-post-inner\">\n\n\t\t\t\t\t\n\t\t\t\t\t\t\t\t\t\t<h5 class=\"post-title is-larger \">Casasco: Curso \u201cAnemia Cr\u00f3nica. Causas frecuentes de consulta\u201d<\/h5>\n\t\t\t\t\t<div class=\"post-meta is-small op-8\">marzo 30, 2022<\/div>\t\t\t\t\t<div class=\"is-divider\"><\/div>\n\t\t\t\t\t\t\t\t\t\t<p class=\"from_the_blog_excerpt \">El laboratorio Casasco organiza una serie de cursos que son de participaci\u00f3n abierta y gratuita para los asociados al Colegio de Farmac\u00e9uticos de Corrientes. El [...]\t\t\t\t\t<\/p>\n\t\t\t\t\t                    \n\t\t\t\t\t\n\t\t\t\t\t\n\t\t\t\t\t<\/div>\n\t\t\t\t\t<\/div>\n\t\t\t\t\t\t\t\t\t<\/div>\n\t\t\t\t<\/a>\n\t\t\t<\/div>\n\t\t<\/div>\n\t\t<div class=\"col post-item\" >\n\t\t\t<div class=\"col-inner\">\n\t\t\t<a href=\"https:\/\/cofarco.com.ar\/ar\/2022\/03\/15\/curso-virtual-drogas-para-el-tratamiento-de-las-tos-y-el-uso-de-colutorios-casasco\/\" class=\"plain\">\n\t\t\t\t<div class=\"box box-default box-text-bottom box-blog-post has-hover\">\n          \t\t\t\t\t<div class=\"box-text text-left\" >\n\t\t\t\t\t<div class=\"box-text-inner blog-post-inner\">\n\n\t\t\t\t\t\n\t\t\t\t\t\t\t\t\t\t<h5 class=\"post-title is-larger \">CURSO VIRTUAL: Drogas para el tratamiento de las tos y el uso de colutorios (CASASCO)<\/h5>\n\t\t\t\t\t<div class=\"post-meta is-small op-8\">marzo 15, 2022<\/div>\t\t\t\t\t<div class=\"is-divider\"><\/div>\n\t\t\t\t\t\t\t\t\t\t<p class=\"from_the_blog_excerpt \">El laboratorio Casasco organiza una serie de cursos que ser\u00e1n de participaci\u00f3n abierta y gratuita para los asociados al Colegio de Farmac\u00e9uticos de Corrientes. El [...]\t\t\t\t\t<\/p>\n\t\t\t\t\t                    \n\t\t\t\t\t\n\t\t\t\t\t\n\t\t\t\t\t<\/div>\n\t\t\t\t\t<\/div>\n\t\t\t\t\t\t\t\t\t<\/div>\n\t\t\t\t<\/a>\n\t\t\t<\/div>\n\t\t<\/div>\n\t\t<div class=\"col post-item\" >\n\t\t\t<div class=\"col-inner\">\n\t\t\t<a href=\"https:\/\/cofarco.com.ar\/ar\/2022\/02\/24\/curso-virtual-farmacia-abierta-a-la-sexualidad-casasco\/\" class=\"plain\">\n\t\t\t\t<div class=\"box box-default box-text-bottom box-blog-post has-hover\">\n          \t\t\t\t\t<div class=\"box-text text-left\" >\n\t\t\t\t\t<div class=\"box-text-inner blog-post-inner\">\n\n\t\t\t\t\t\n\t\t\t\t\t\t\t\t\t\t<h5 class=\"post-title is-larger \">CURSO VIRTUAL: Transtorno Bipolar (CASASCO)<\/h5>\n\t\t\t\t\t<div class=\"post-meta is-small op-8\">febrero 24, 2022<\/div>\t\t\t\t\t<div class=\"is-divider\"><\/div>\n\t\t\t\t\t\t\t\t\t\t<p class=\"from_the_blog_excerpt \">El laboratorio Casasco organiza una serie de cursos que ser\u00e1n de participaci\u00f3n abierta y gratuita para los asociados al Colegio de Farmac\u00e9uticos de Corrientes. El [...]\t\t\t\t\t<\/p>\n\t\t\t\t\t                    \n\t\t\t\t\t\n\t\t\t\t\t\n\t\t\t\t\t<\/div>\n\t\t\t\t\t<\/div>\n\t\t\t\t\t\t\t\t\t<\/div>\n\t\t\t\t<\/a>\n\t\t\t<\/div>\n\t\t<\/div>\n\t\t<div class=\"col post-item\" >\n\t\t\t<div class=\"col-inner\">\n\t\t\t<a href=\"https:\/\/cofarco.com.ar\/ar\/2022\/02\/21\/cursos-online-2022-colegio-de-farmaceuticos-de-cordoba\/\" class=\"plain\">\n\t\t\t\t<div class=\"box box-default box-text-bottom box-blog-post has-hover\">\n          \t\t\t\t\t<div class=\"box-text text-left\" >\n\t\t\t\t\t<div class=\"box-text-inner blog-post-inner\">\n\n\t\t\t\t\t\n\t\t\t\t\t\t\t\t\t\t<h5 class=\"post-title is-larger \">CURSOS ONLINE 2022 &#8211; Colegio de Farmac\u00e9uticos de C\u00f3rdoba<\/h5>\n\t\t\t\t\t<div class=\"post-meta is-small op-8\">febrero 21, 2022<\/div>\t\t\t\t\t<div class=\"is-divider\"><\/div>\n\t\t\t\t\t\t\t\t\t\t<p class=\"from_the_blog_excerpt \">El Colegio de Farmac\u00e9uticos de C\u00f3rdoba presenta su propuesta de formaci\u00f3n virtual (a trav\u00e9s del aula virtual del CFC) con fecha de inicio el 18 [...]\t\t\t\t\t<\/p>\n\t\t\t\t\t                    \n\t\t\t\t\t\n\t\t\t\t\t\n\t\t\t\t\t<\/div>\n\t\t\t\t\t<\/div>\n\t\t\t\t\t\t\t\t\t<\/div>\n\t\t\t\t<\/a>\n\t\t\t<\/div>\n\t\t<\/div>\n\t\t<div class=\"col post-item\" >\n\t\t\t<div class=\"col-inner\">\n\t\t\t<a href=\"https:\/\/cofarco.com.ar\/ar\/2022\/02\/02\/ciclo-de-charlas-en-vivo-tercera-ola-el-reto-de-reforzar-los-cuidados-y-optimizar-la-deteccion-precoz\/\" class=\"plain\">\n\t\t\t\t<div class=\"box box-default box-text-bottom box-blog-post has-hover\">\n          \t\t\t\t\t<div class=\"box-text text-left\" >\n\t\t\t\t\t<div class=\"box-text-inner blog-post-inner\">\n\n\t\t\t\t\t\n\t\t\t\t\t\t\t\t\t\t<h5 class=\"post-title is-larger \">Ciclo de charlas en vivo: Tercera ola: El reto de reforzar los cuidados y optimizar la detecci\u00f3n precoz.<\/h5>\n\t\t\t\t\t<div class=\"post-meta is-small op-8\">febrero 2, 2022<\/div>\t\t\t\t\t<div class=\"is-divider\"><\/div>\n\t\t\t\t\t\t\t\t\t\t<p class=\"from_the_blog_excerpt \">La COFA invita a todos sus asociados a su ciclo de charlas en vivo, el d\u00eda martes 8 de febrero, sobre &#8220;Tercera ola: El reto [...]\t\t\t\t\t<\/p>\n\t\t\t\t\t                    \n\t\t\t\t\t\n\t\t\t\t\t\n\t\t\t\t\t<\/div>\n\t\t\t\t\t<\/div>\n\t\t\t\t\t\t\t\t\t<\/div>\n\t\t\t\t<\/a>\n\t\t\t<\/div>\n\t\t<\/div>\n\t\t<div class=\"col post-item\" >\n\t\t\t<div class=\"col-inner\">\n\t\t\t<a href=\"https:\/\/cofarco.com.ar\/ar\/2021\/12\/02\/pami-curso-de-formacion-en-derechos-humanos-de-las-personas-mayores-para-el-personal-de-salud\/\" class=\"plain\">\n\t\t\t\t<div class=\"box box-default box-text-bottom box-blog-post has-hover\">\n          \t\t\t\t\t<div class=\"box-text text-left\" >\n\t\t\t\t\t<div class=\"box-text-inner blog-post-inner\">\n\n\t\t\t\t\t\n\t\t\t\t\t\t\t\t\t\t<h5 class=\"post-title is-larger \">PAMI &#8211; Curso de formaci\u00f3n en derechos humanos de las personas mayores para el personal de salud<\/h5>\n\t\t\t\t\t<div class=\"post-meta is-small op-8\">diciembre 2, 2021<\/div>\t\t\t\t\t<div class=\"is-divider\"><\/div>\n\t\t\t\t\t\t\t\t\t\t<p class=\"from_the_blog_excerpt \">El PAMI informa del inicio de la realizaci\u00f3n del \u201cCurso de formaci\u00f3n en derechos humanos de las personas mayores para el personal de salud\u201d.En sus [...]\t\t\t\t\t<\/p>\n\t\t\t\t\t                    \n\t\t\t\t\t\n\t\t\t\t\t\n\t\t\t\t\t<\/div>\n\t\t\t\t\t<\/div>\n\t\t\t\t\t\t\t\t\t<\/div>\n\t\t\t\t<\/a>\n\t\t\t<\/div>\n\t\t<\/div>\n\t\t<div class=\"col post-item\" >\n\t\t\t<div class=\"col-inner\">\n\t\t\t<a href=\"https:\/\/cofarco.com.ar\/ar\/2021\/11\/02\/nueva-capacitacion-universidad-catolica-de-cordoba-ucc\/\" class=\"plain\">\n\t\t\t\t<div class=\"box box-default box-text-bottom box-blog-post has-hover\">\n          \t\t\t\t\t<div class=\"box-text text-left\" >\n\t\t\t\t\t<div class=\"box-text-inner blog-post-inner\">\n\n\t\t\t\t\t\n\t\t\t\t\t\t\t\t\t\t<h5 class=\"post-title is-larger \">Nueva capacitaci\u00f3n &#8211; Universidad Cat\u00f3lica de C\u00f3rdoba (UCC)<\/h5>\n\t\t\t\t\t<div class=\"post-meta is-small op-8\">noviembre 2, 2021<\/div>\t\t\t\t\t<div class=\"is-divider\"><\/div>\n\t\t\t\t\t\t\t\t\t\t<p class=\"from_the_blog_excerpt \">El Colegio de Farmac\u00e9utico de Corrientes informa de una nueva capacitaci\u00f3n que puede ser de inter\u00e9s para nuestros profesionales socios\/as, con el beneficio del 20% [...]\t\t\t\t\t<\/p>\n\t\t\t\t\t                    \n\t\t\t\t\t\n\t\t\t\t\t\n\t\t\t\t\t<\/div>\n\t\t\t\t\t<\/div>\n\t\t\t\t\t\t\t\t\t<\/div>\n\t\t\t\t<\/a>\n\t\t\t<\/div>\n\t\t<\/div>\n\t\t<div class=\"col post-item\" >\n\t\t\t<div class=\"col-inner\">\n\t\t\t<a href=\"https:\/\/cofarco.com.ar\/ar\/2021\/10\/21\/en-cofarco-curso-sobre-hipertension-arterial\/\" class=\"plain\">\n\t\t\t\t<div class=\"box box-default box-text-bottom box-blog-post has-hover\">\n          \t\t\t\t\t<div class=\"box-text text-left\" >\n\t\t\t\t\t<div class=\"box-text-inner blog-post-inner\">\n\n\t\t\t\t\t\n\t\t\t\t\t\t\t\t\t\t<h5 class=\"post-title is-larger \">En COFARCO &#8211; Curso sobre Hipertensi\u00f3n Arterial<\/h5>\n\t\t\t\t\t<div class=\"post-meta is-small op-8\">octubre 21, 2021<\/div>\t\t\t\t\t<div class=\"is-divider\"><\/div>\n\t\t\t\t\t\t\t\t\t\t<p class=\"from_the_blog_excerpt \">El Colegio de Farmac\u00e9uticos de la Provincia de Corrientes (COFARCO) realizar\u00e1 el viernes 29 de octubre un curso presencial sobre Hipertensi\u00f3n Arterial. La capacitaci\u00f3n tendr\u00e1 [...]\t\t\t\t\t<\/p>\n\t\t\t\t\t                    \n\t\t\t\t\t\n\t\t\t\t\t\n\t\t\t\t\t<\/div>\n\t\t\t\t\t<\/div>\n\t\t\t\t\t\t\t\t\t<\/div>\n\t\t\t\t<\/a>\n\t\t\t<\/div>\n\t\t<\/div>\n\t\t<div class=\"col post-item\" >\n\t\t\t<div class=\"col-inner\">\n\t\t\t<a href=\"https:\/\/cofarco.com.ar\/ar\/2021\/10\/07\/curso-virtual-casasco-trastornos-funcionales-anorrectales-y-desordenes-evacuatorios\/\" class=\"plain\">\n\t\t\t\t<div class=\"box box-default box-text-bottom box-blog-post has-hover\">\n          \t\t\t\t\t<div class=\"box-text text-left\" >\n\t\t\t\t\t<div class=\"box-text-inner blog-post-inner\">\n\n\t\t\t\t\t\n\t\t\t\t\t\t\t\t\t\t<h5 class=\"post-title is-larger \">CURSO VIRTUAL (CASASCO): Trastornos Funcionales Anorrectales y Des\u00f3rdenes Evacuatorios<\/h5>\n\t\t\t\t\t<div class=\"post-meta is-small op-8\">octubre 7, 2021<\/div>\t\t\t\t\t<div class=\"is-divider\"><\/div>\n\t\t\t\t\t\t\t\t\t\t<p class=\"from_the_blog_excerpt \">El laboratorio Casasco organiza una serie de cursos que ser\u00e1n de participaci\u00f3n abierta y gratuita para los asociados al Colegio de Farmac\u00e9uticos de Corrientes. El [...]\t\t\t\t\t<\/p>\n\t\t\t\t\t                    \n\t\t\t\t\t\n\t\t\t\t\t\n\t\t\t\t\t<\/div>\n\t\t\t\t\t<\/div>\n\t\t\t\t\t\t\t\t\t<\/div>\n\t\t\t\t<\/a>\n\t\t\t<\/div>\n\t\t<\/div>\n\t\t<div class=\"col post-item\" >\n\t\t\t<div class=\"col-inner\">\n\t\t\t<a href=\"https:\/\/cofarco.com.ar\/ar\/2021\/09\/28\/invitacion-entrenamiento-practico-para-farmacias-virtual\/\" class=\"plain\">\n\t\t\t\t<div class=\"box box-default box-text-bottom box-blog-post has-hover\">\n          \t\t\t\t\t<div class=\"box-text text-left\" >\n\t\t\t\t\t<div class=\"box-text-inner blog-post-inner\">\n\n\t\t\t\t\t\n\t\t\t\t\t\t\t\t\t\t<h5 class=\"post-title is-larger \">INVITACION: Entrenamiento Pr\u00e1ctico para Farmacias (Virtual)<\/h5>\n\t\t\t\t\t<div class=\"post-meta is-small op-8\">septiembre 28, 2021<\/div>\t\t\t\t\t<div class=\"is-divider\"><\/div>\n\t\t\t\t\t\t\t\t\t\t<p class=\"from_the_blog_excerpt \">El Colegio de Farmac\u00e9uticos de la Pcia. de Santa Fe (2\u00b0 Circunscripci\u00f3n) invita a los asociados\/as al Colegio de Farmac\u00e9uticos de Corrientes\u00a0 a un Entrenamiento [...]\t\t\t\t\t<\/p>\n\t\t\t\t\t                    \n\t\t\t\t\t\n\t\t\t\t\t\n\t\t\t\t\t<\/div>\n\t\t\t\t\t<\/div>\n\t\t\t\t\t\t\t\t\t<\/div>\n\t\t\t\t<\/a>\n\t\t\t<\/div>\n\t\t<\/div>\n\t\t<div class=\"col post-item\" >\n\t\t\t<div class=\"col-inner\">\n\t\t\t<a href=\"https:\/\/cofarco.com.ar\/ar\/2021\/09\/27\/cursos-on-line-colegio-de-farmaceuticos-de-la-provincia-de-cordoba\/\" class=\"plain\">\n\t\t\t\t<div class=\"box box-default box-text-bottom box-blog-post has-hover\">\n          \t\t\t\t\t<div class=\"box-text text-left\" >\n\t\t\t\t\t<div class=\"box-text-inner blog-post-inner\">\n\n\t\t\t\t\t\n\t\t\t\t\t\t\t\t\t\t<h5 class=\"post-title is-larger \">CURSOS on line: Colegio de Farmac\u00e9uticos de la Provincia de C\u00f3rdoba<\/h5>\n\t\t\t\t\t<div class=\"post-meta is-small op-8\">septiembre 27, 2021<\/div>\t\t\t\t\t<div class=\"is-divider\"><\/div>\n\t\t\t\t\t\t\t\t\t\t<p class=\"from_the_blog_excerpt \">El Colegio de Farmac\u00e9uticos de C\u00f3rdoba presenta su propuesta de capacitaci\u00f3n on-line que iniciar\u00e1 el 15 de Octubre del corriente para los profesionales asociados\/as a [...]\t\t\t\t\t<\/p>\n\t\t\t\t\t                    \n\t\t\t\t\t\n\t\t\t\t\t\n\t\t\t\t\t<\/div>\n\t\t\t\t\t<\/div>\n\t\t\t\t\t\t\t\t\t<\/div>\n\t\t\t\t<\/a>\n\t\t\t<\/div>\n\t\t<\/div>\n\t\t<div class=\"col post-item\" >\n\t\t\t<div class=\"col-inner\">\n\t\t\t<a href=\"https:\/\/cofarco.com.ar\/ar\/2021\/09\/23\/invitacion-27-congreso-farmaceutico-argentino-2-021-en-formato-virtual\/\" class=\"plain\">\n\t\t\t\t<div class=\"box box-default box-text-bottom box-blog-post has-hover\">\n          \t\t\t\t\t<div class=\"box-text text-left\" >\n\t\t\t\t\t<div class=\"box-text-inner blog-post-inner\">\n\n\t\t\t\t\t\n\t\t\t\t\t\t\t\t\t\t<h5 class=\"post-title is-larger \">INVITACION: 27\u00b0 Congreso Farmac\u00e9utico Argentino 2.021 (en formato virtual)<\/h5>\n\t\t\t\t\t<div class=\"post-meta is-small op-8\">septiembre 23, 2021<\/div>\t\t\t\t\t<div class=\"is-divider\"><\/div>\n\t\t\t\t\t\t\t\t\t\t<p class=\"from_the_blog_excerpt \">Por segundo a\u00f1o consecutivo realizaremos el Congreso Farmac\u00e9utico Argentino en formato virtual a trav\u00e9s de una plataforma 360\u00ba donde podr\u00e1s acceder a charlas, exposici\u00f3n de [...]\t\t\t\t\t<\/p>\n\t\t\t\t\t                    \n\t\t\t\t\t\n\t\t\t\t\t\n\t\t\t\t\t<\/div>\n\t\t\t\t\t<\/div>\n\t\t\t\t\t\t\t\t\t<\/div>\n\t\t\t\t<\/a>\n\t\t\t<\/div>\n\t\t<\/div>\n\t\t<div class=\"col post-item\" >\n\t\t\t<div class=\"col-inner\">\n\t\t\t<a href=\"https:\/\/cofarco.com.ar\/ar\/2021\/09\/23\/curso-virtual-flatulencia-y-distension-abdominal-casasco\/\" class=\"plain\">\n\t\t\t\t<div class=\"box box-default box-text-bottom box-blog-post has-hover\">\n          \t\t\t\t\t<div class=\"box-text text-left\" >\n\t\t\t\t\t<div class=\"box-text-inner blog-post-inner\">\n\n\t\t\t\t\t\n\t\t\t\t\t\t\t\t\t\t<h5 class=\"post-title is-larger \">CURSO VIRTUAL: FLATULENCIA Y DISTENSI\u00d3N ABDOMINAL (CASASCO)<\/h5>\n\t\t\t\t\t<div class=\"post-meta is-small op-8\">septiembre 23, 2021<\/div>\t\t\t\t\t<div class=\"is-divider\"><\/div>\n\t\t\t\t\t\t\t\t\t\t<p class=\"from_the_blog_excerpt \">El laboratorio Casasco organiza una serie de cursos que ser\u00e1n de participaci\u00f3n abierta y gratuita para los asociados al Colegio de Farmac\u00e9uticos de Corrientes. El [...]\t\t\t\t\t<\/p>\n\t\t\t\t\t                    \n\t\t\t\t\t\n\t\t\t\t\t\n\t\t\t\t\t<\/div>\n\t\t\t\t\t<\/div>\n\t\t\t\t\t\t\t\t\t<\/div>\n\t\t\t\t<\/a>\n\t\t\t<\/div>\n\t\t<\/div>\n\t\t<div class=\"col post-item\" >\n\t\t\t<div class=\"col-inner\">\n\t\t\t<a href=\"https:\/\/cofarco.com.ar\/ar\/2021\/09\/21\/becas-cofa-para-el-congreso-2-021-de-la-sociedad-argentina-de-infectologia-sadi\/\" class=\"plain\">\n\t\t\t\t<div class=\"box box-default box-text-bottom box-blog-post has-hover\">\n          \t\t\t\t\t<div class=\"box-text text-left\" >\n\t\t\t\t\t<div class=\"box-text-inner blog-post-inner\">\n\n\t\t\t\t\t\n\t\t\t\t\t\t\t\t\t\t<h5 class=\"post-title is-larger \">Becas COFA para el Congreso 2.021 de la Sociedad Argentina de Infectolog\u00eda (SADI)<\/h5>\n\t\t\t\t\t<div class=\"post-meta is-small op-8\">septiembre 21, 2021<\/div>\t\t\t\t\t<div class=\"is-divider\"><\/div>\n\t\t\t\t\t\t\t\t\t\t<p class=\"from_the_blog_excerpt \">El Comit\u00e9 Cient\u00edfico del XXI Congreso Sociedad Argentina de Infectolog\u00eda 2.021 se complace en ofrecer a COFA\/COFARCO becas de inscripci\u00f3n sin cargo para todos los [...]\t\t\t\t\t<\/p>\n\t\t\t\t\t                    \n\t\t\t\t\t\n\t\t\t\t\t\n\t\t\t\t\t<\/div>\n\t\t\t\t\t<\/div>\n\t\t\t\t\t\t\t\t\t<\/div>\n\t\t\t\t<\/a>\n\t\t\t<\/div>\n\t\t<\/div>\n\t\t<div class=\"col post-item\" >\n\t\t\t<div class=\"col-inner\">\n\t\t\t<a href=\"https:\/\/cofarco.com.ar\/ar\/2021\/09\/08\/continua-la-diplomatura-en-farmacia-oncologica-modulo-iv-ano-2-021-cofa\/\" class=\"plain\">\n\t\t\t\t<div class=\"box box-default box-text-bottom box-blog-post has-hover\">\n          \t\t\t\t\t<div class=\"box-text text-left\" >\n\t\t\t\t\t<div class=\"box-text-inner blog-post-inner\">\n\n\t\t\t\t\t\n\t\t\t\t\t\t\t\t\t\t<h5 class=\"post-title is-larger \">Contin\u00faa la &#8220;Diplomatura en FARMACIA ONCOL\u00d3GICA&#8221; &#8211; M\u00f3dulo IV A\u00f1o 2.021 (COFA)<\/h5>\n\t\t\t\t\t<div class=\"post-meta is-small op-8\">septiembre 8, 2021<\/div>\t\t\t\t\t<div class=\"is-divider\"><\/div>\n\t\t\t\t\t\t\t\t\t\t<p class=\"from_the_blog_excerpt \">Informamos que desde el el 27 de septiembre continuar\u00e1 el dictado de la Diplomatura en Farmacia Oncol\u00f3gica que inici\u00f3 en el a\u00f1o 2020 (M\u00f3dulo I [...]\t\t\t\t\t<\/p>\n\t\t\t\t\t                    \n\t\t\t\t\t\n\t\t\t\t\t\n\t\t\t\t\t<\/div>\n\t\t\t\t\t<\/div>\n\t\t\t\t\t\t\t\t\t<\/div>\n\t\t\t\t<\/a>\n\t\t\t<\/div>\n\t\t<\/div>\n<\/div>\n\t\t<\/div>\n\t<\/div>\n\n\t\n<\/div>\n","protected":false},"excerpt":{"rendered":"","protected":false},"author":1,"featured_media":0,"parent":0,"menu_order":0,"comment_status":"closed","ping_status":"closed","template":"","meta":{"footnotes":""},"class_list":["post-1958","page","type-page","status-publish","hentry"],"_links":{"self":[{"href":"https:\/\/cofarco.com.ar\/ar\/wp-json\/wp\/v2\/pages\/1958","targetHints":{"allow":["GET"]}}],"collection":[{"href":"https:\/\/cofarco.com.ar\/ar\/wp-json\/wp\/v2\/pages"}],"about":[{"href":"https:\/\/cofarco.com.ar\/ar\/wp-json\/wp\/v2\/types\/page"}],"author":[{"embeddable":true,"href":"https:\/\/cofarco.com.ar\/ar\/wp-json\/wp\/v2\/users\/1"}],"replies":[{"embeddable":true,"href":"https:\/\/cofarco.com.ar\/ar\/wp-json\/wp\/v2\/comments?post=1958"}],"version-history":[{"count":8,"href":"https:\/\/cofarco.com.ar\/ar\/wp-json\/wp\/v2\/pages\/1958\/revisions"}],"predecessor-version":[{"id":1986,"href":"https:\/\/cofarco.com.ar\/ar\/wp-json\/wp\/v2\/pages\/1958\/revisions\/1986"}],"wp:attachment":[{"href":"https:\/\/cofarco.com.ar\/ar\/wp-json\/wp\/v2\/media?parent=1958"}],"curies":[{"name":"wp","href":"https:\/\/api.w.org\/{rel}","templated":true}]}}