{"id":1967,"date":"2018-09-17T02:45:17","date_gmt":"2018-09-17T02:45:17","guid":{"rendered":"http:\/\/cofarco.com.ar\/ar\/?page_id=1967"},"modified":"2018-09-17T02:45:50","modified_gmt":"2018-09-17T02:45:50","slug":"profesionales","status":"publish","type":"page","link":"https:\/\/cofarco.com.ar\/ar\/profesionales\/","title":{"rendered":"Profesionales"},"content":{"rendered":"<div class=\"container section-title-container\" ><h3 class=\"section-title section-title-normal\"><b><\/b><span class=\"section-title-main\" >Profesionales<\/span><b><\/b><\/h3><\/div>\n\n  \n    <div class=\"row large-columns-4 medium-columns-1 small-columns-1\">\n  \t\t<div class=\"col post-item\" >\n\t\t\t<div class=\"col-inner\">\n\t\t\t<a href=\"https:\/\/cofarco.com.ar\/ar\/2020\/08\/04\/importante-nuevo-valores-en-honorarios-farmaceuticos\/\" class=\"plain\">\n\t\t\t\t<div class=\"box box-normal box-text-bottom box-blog-post has-hover\">\n          \t\t\t\t\t<div class=\"box-text text-center\" >\n\t\t\t\t\t<div class=\"box-text-inner blog-post-inner\">\n\n\t\t\t\t\t\n\t\t\t\t\t\t\t\t\t\t<h5 class=\"post-title is-large \">IMPORTANTE: Nuevo valores en Honorarios Farmac\u00e9uticos<\/h5>\n\t\t\t\t\t<div class=\"post-meta is-small op-8\">agosto 4, 2020<\/div>\t\t\t\t\t<div class=\"is-divider\"><\/div>\n\t\t\t\t\t\t\t\t\t\t<p class=\"from_the_blog_excerpt \">Se adjuntan para su conocimiento los nuevos valores de los honorarios farmac\u00e9uticos que rigen desde [...]\t\t\t\t\t<\/p>\n\t\t\t\t\t                    \n\t\t\t\t\t\n\t\t\t\t\t\n\t\t\t\t\t<\/div>\n\t\t\t\t\t<\/div>\n\t\t\t\t\t\t\t\t\t<\/div>\n\t\t\t\t<\/a>\n\t\t\t<\/div>\n\t\t<\/div>\n\t\t<div class=\"col post-item\" >\n\t\t\t<div class=\"col-inner\">\n\t\t\t<a href=\"https:\/\/cofarco.com.ar\/ar\/2019\/07\/22\/vademecum-de-drogas-oncologicas-ministerio-de-salud-y-desarrollo-social\/\" class=\"plain\">\n\t\t\t\t<div class=\"box box-normal box-text-bottom box-blog-post has-hover\">\n          \t\t\t\t\t<div class=\"box-text text-center\" >\n\t\t\t\t\t<div class=\"box-text-inner blog-post-inner\">\n\n\t\t\t\t\t\n\t\t\t\t\t\t\t\t\t\t<h5 class=\"post-title is-large \">Vademecum de Drogas Oncol\u00f3gicas &#8211; Ministerio de Salud y Desarrollo Social<\/h5>\n\t\t\t\t\t<div class=\"post-meta is-small op-8\">julio 22, 2019<\/div>\t\t\t\t\t<div class=\"is-divider\"><\/div>\n\t\t\t\t\t\t\t\t\t\t<p class=\"from_the_blog_excerpt \">En los archivos que se adjuntan a continuaci\u00f3n se encuentran el texto de la Resoluci\u00f3n [...]\t\t\t\t\t<\/p>\n\t\t\t\t\t                    \n\t\t\t\t\t\n\t\t\t\t\t\n\t\t\t\t\t<\/div>\n\t\t\t\t\t<\/div>\n\t\t\t\t\t\t\t\t\t<\/div>\n\t\t\t\t<\/a>\n\t\t\t<\/div>\n\t\t<\/div>\n\t\t<div class=\"col post-item\" >\n\t\t\t<div class=\"col-inner\">\n\t\t\t<a href=\"https:\/\/cofarco.com.ar\/ar\/2018\/07\/02\/el-ejecutivo-municipal-veto-la-ordenanza-que-regula-la-distancia-entre-farmacias\/\" class=\"plain\">\n\t\t\t\t<div class=\"box box-normal box-text-bottom box-blog-post has-hover\">\n          \t\t\t\t\t<div class=\"box-text text-center\" >\n\t\t\t\t\t<div class=\"box-text-inner blog-post-inner\">\n\n\t\t\t\t\t\n\t\t\t\t\t\t\t\t\t\t<h5 class=\"post-title is-large \">El Ejecutivo Municipal vet\u00f3 la ordenanza que regula la distancia entre farmacias<\/h5>\n\t\t\t\t\t<div class=\"post-meta is-small op-8\">julio 2, 2018<\/div>\t\t\t\t\t<div class=\"is-divider\"><\/div>\n\t\t\t\t\t\t\t\t\t\t<p class=\"from_the_blog_excerpt \">A trav\u00e9s de la Resoluci\u00f3n N\u00ba 1301 del 26 de junio del presente a\u00f1o, el [...]\t\t\t\t\t<\/p>\n\t\t\t\t\t                    \n\t\t\t\t\t\n\t\t\t\t\t\n\t\t\t\t\t<\/div>\n\t\t\t\t\t<\/div>\n\t\t\t\t\t\t\t\t\t<\/div>\n\t\t\t\t<\/a>\n\t\t\t<\/div>\n\t\t<\/div>\n\t\t<div class=\"col post-item\" >\n\t\t\t<div class=\"col-inner\">\n\t\t\t<a href=\"https:\/\/cofarco.com.ar\/ar\/2018\/06\/15\/a-100-anos-de-la-reforma-universitaria-la-profesion-farmaceutica-esta-de-luto\/\" class=\"plain\">\n\t\t\t\t<div class=\"box box-normal box-text-bottom box-blog-post has-hover\">\n          \t\t\t\t\t<div class=\"box-text text-center\" >\n\t\t\t\t\t<div class=\"box-text-inner blog-post-inner\">\n\n\t\t\t\t\t\n\t\t\t\t\t\t\t\t\t\t<h5 class=\"post-title is-large \">A 100 a\u00f1os de la Reforma Universitaria la profesi\u00f3n farmac\u00e9utica est\u00e1 de luto<\/h5>\n\t\t\t\t\t<div class=\"post-meta is-small op-8\">junio 15, 2018<\/div>\t\t\t\t\t<div class=\"is-divider\"><\/div>\n\t\t\t\t\t\t\t\t\t\t<p class=\"from_the_blog_excerpt \">En 1918 en la Rep\u00fablica Argentina\u00a0cursaban estudios universitarios alrededor de catorce mil alumnos\u00a0en las Universidades [...]\t\t\t\t\t<\/p>\n\t\t\t\t\t                    \n\t\t\t\t\t\n\t\t\t\t\t\n\t\t\t\t\t<\/div>\n\t\t\t\t\t<\/div>\n\t\t\t\t\t\t\t\t\t<\/div>\n\t\t\t\t<\/a>\n\t\t\t<\/div>\n\t\t<\/div>\n\t\t<div class=\"col post-item\" >\n\t\t\t<div class=\"col-inner\">\n\t\t\t<a href=\"https:\/\/cofarco.com.ar\/ar\/2018\/05\/23\/resolucion-1254-actividades-reservadas-al-titulo-de-farmaceutico\/\" class=\"plain\">\n\t\t\t\t<div class=\"box box-normal box-text-bottom box-blog-post has-hover\">\n          \t\t\t\t\t<div class=\"box-text text-center\" >\n\t\t\t\t\t<div class=\"box-text-inner blog-post-inner\">\n\n\t\t\t\t\t\n\t\t\t\t\t\t\t\t\t\t<h5 class=\"post-title is-large \">Resoluci\u00f3n 1254: Actividades reservadas al T\u00edtulo de Farmac\u00e9utico<\/h5>\n\t\t\t\t\t<div class=\"post-meta is-small op-8\">mayo 23, 2018<\/div>\t\t\t\t\t<div class=\"is-divider\"><\/div>\n\t\t\t\t\t\t\t\t\t\t<p class=\"from_the_blog_excerpt \">Tras las contribuciones realizadas por el CONSEJO INTERUNIVERSITARIO NACIONAL (CIN), donde diferencia las actividades reservadas [...]\t\t\t\t\t<\/p>\n\t\t\t\t\t                    \n\t\t\t\t\t\n\t\t\t\t\t\n\t\t\t\t\t<\/div>\n\t\t\t\t\t<\/div>\n\t\t\t\t\t\t\t\t\t<\/div>\n\t\t\t\t<\/a>\n\t\t\t<\/div>\n\t\t<\/div>\n\t\t<div class=\"col post-item\" >\n\t\t\t<div class=\"col-inner\">\n\t\t\t<a href=\"https:\/\/cofarco.com.ar\/ar\/2018\/02\/26\/hasta-el-30-de-abril-se-podran-presentar-solicitudes-para-donaciones\/\" class=\"plain\">\n\t\t\t\t<div class=\"box box-normal box-text-bottom box-blog-post has-hover\">\n          \t\t\t\t\t<div class=\"box-text text-center\" >\n\t\t\t\t\t<div class=\"box-text-inner blog-post-inner\">\n\n\t\t\t\t\t\n\t\t\t\t\t\t\t\t\t\t<h5 class=\"post-title is-large \">Hasta el 30 de abril se podr\u00e1n presentar solicitudes para donaciones<\/h5>\n\t\t\t\t\t<div class=\"post-meta is-small op-8\">febrero 26, 2018<\/div>\t\t\t\t\t<div class=\"is-divider\"><\/div>\n\t\t\t\t\t\t\t\t\t\t<p class=\"from_the_blog_excerpt \">El Directorio del Colegio de Farmac\u00e9uticos de Corrientes informa que hasta el 30 de abril [...]\t\t\t\t\t<\/p>\n\t\t\t\t\t                    \n\t\t\t\t\t\n\t\t\t\t\t\n\t\t\t\t\t<\/div>\n\t\t\t\t\t<\/div>\n\t\t\t\t\t\t\t\t\t<\/div>\n\t\t\t\t<\/a>\n\t\t\t<\/div>\n\t\t<\/div>\n\t\t<div class=\"col post-item\" >\n\t\t\t<div class=\"col-inner\">\n\t\t\t<a href=\"https:\/\/cofarco.com.ar\/ar\/2016\/03\/10\/seguro-de-mala-praxis-para-colegiados\/\" class=\"plain\">\n\t\t\t\t<div class=\"box box-normal box-text-bottom box-blog-post has-hover\">\n            \t\t\t\t\t<div class=\"box-image\" >\n  \t\t\t\t\t\t<div class=\"image-cover\" style=\"padding-top:56%;\">\n  \t\t\t\t\t\t\t<img fetchpriority=\"high\" decoding=\"async\" width=\"236\" height=\"212\" src=\"https:\/\/cofarco.com.ar\/ar\/wp-content\/uploads\/2016\/03\/images.jpg\" class=\"attachment-medium size-medium wp-post-image\" alt=\"\" \/>  \t\t\t\t\t\t\t  \t\t\t\t\t\t\t  \t\t\t\t\t\t<\/div>\n  \t\t\t\t\t\t  \t\t\t\t\t<\/div>\n          \t\t\t\t\t<div class=\"box-text text-center\" >\n\t\t\t\t\t<div class=\"box-text-inner blog-post-inner\">\n\n\t\t\t\t\t\n\t\t\t\t\t\t\t\t\t\t<h5 class=\"post-title is-large \">Seguro de Mala Praxis para Colegiados<\/h5>\n\t\t\t\t\t\t\t\t\t\t<div class=\"is-divider\"><\/div>\n\t\t\t\t\t\t\t\t\t\t<p class=\"from_the_blog_excerpt \">Queridos Colegas, les informamos que a trav\u00e9s de un convenio que el Colegio de Farmac\u00e9uticos [...]\t\t\t\t\t<\/p>\n\t\t\t\t\t                    \n\t\t\t\t\t\n\t\t\t\t\t\n\t\t\t\t\t<\/div>\n\t\t\t\t\t<\/div>\n\t\t\t\t\t\t\t\t\t\t\t\t\t\t\t\t<div class=\"badge absolute top post-date badge-circle\">\n\t\t\t\t\t\t\t<div class=\"badge-inner\">\n\t\t\t\t\t\t\t\t<span class=\"post-date-day\">10<\/span><br>\n\t\t\t\t\t\t\t\t<span class=\"post-date-month is-xsmall\">Mar<\/span>\n\t\t\t\t\t\t\t<\/div>\n\t\t\t\t\t\t<\/div>\n\t\t\t\t\t\t\t\t\t<\/div>\n\t\t\t\t<\/a>\n\t\t\t<\/div>\n\t\t<\/div>\n\t\t<div class=\"col post-item\" >\n\t\t\t<div class=\"col-inner\">\n\t\t\t<a href=\"https:\/\/cofarco.com.ar\/ar\/2012\/03\/27\/curso-basico-para-la-preparacion-y-elaboracion-de-poster\/\" class=\"plain\">\n\t\t\t\t<div class=\"box box-normal box-text-bottom box-blog-post has-hover\">\n          \t\t\t\t\t<div class=\"box-text text-center\" >\n\t\t\t\t\t<div class=\"box-text-inner blog-post-inner\">\n\n\t\t\t\t\t\n\t\t\t\t\t\t\t\t\t\t<h5 class=\"post-title is-large \">Curso b\u00e1sico para la preparaci\u00f3n y elaboraci\u00f3n de poster<\/h5>\n\t\t\t\t\t<div class=\"post-meta is-small op-8\">marzo 27, 2012<\/div>\t\t\t\t\t<div class=\"is-divider\"><\/div>\n\t\t\t\t\t\t\t\t\t\t<p class=\"from_the_blog_excerpt \">Categor\u00eda: Cursos [...]\t\t\t\t\t<\/p>\n\t\t\t\t\t                    \n\t\t\t\t\t\n\t\t\t\t\t\n\t\t\t\t\t<\/div>\n\t\t\t\t\t<\/div>\n\t\t\t\t\t\t\t\t\t<\/div>\n\t\t\t\t<\/a>\n\t\t\t<\/div>\n\t\t<\/div>\n<\/div>\n","protected":false},"excerpt":{"rendered":"","protected":false},"author":1,"featured_media":0,"parent":0,"menu_order":0,"comment_status":"closed","ping_status":"closed","template":"","meta":{"footnotes":""},"class_list":["post-1967","page","type-page","status-publish","hentry"],"_links":{"self":[{"href":"https:\/\/cofarco.com.ar\/ar\/wp-json\/wp\/v2\/pages\/1967","targetHints":{"allow":["GET"]}}],"collection":[{"href":"https:\/\/cofarco.com.ar\/ar\/wp-json\/wp\/v2\/pages"}],"about":[{"href":"https:\/\/cofarco.com.ar\/ar\/wp-json\/wp\/v2\/types\/page"}],"author":[{"embeddable":true,"href":"https:\/\/cofarco.com.ar\/ar\/wp-json\/wp\/v2\/users\/1"}],"replies":[{"embeddable":true,"href":"https:\/\/cofarco.com.ar\/ar\/wp-json\/wp\/v2\/comments?post=1967"}],"version-history":[{"count":1,"href":"https:\/\/cofarco.com.ar\/ar\/wp-json\/wp\/v2\/pages\/1967\/revisions"}],"predecessor-version":[{"id":1968,"href":"https:\/\/cofarco.com.ar\/ar\/wp-json\/wp\/v2\/pages\/1967\/revisions\/1968"}],"wp:attachment":[{"href":"https:\/\/cofarco.com.ar\/ar\/wp-json\/wp\/v2\/media?parent=1967"}],"curies":[{"name":"wp","href":"https:\/\/api.w.org\/{rel}","templated":true}]}}