{"id":49,"date":"2016-02-18T15:10:52","date_gmt":"2016-02-18T15:10:52","guid":{"rendered":"http:\/\/flatsome.dev\/?page_id=4041"},"modified":"2026-03-26T16:45:37","modified_gmt":"2026-03-26T19:45:37","slug":"simple-corporate","status":"publish","type":"page","link":"https:\/\/cofarco.com.ar\/ar\/","title":{"rendered":"Home"},"content":{"rendered":"<div class=\"slider-wrapper relative\" id=\"slider-2088605496\" >\n    <div class=\"slider slider-nav-circle slider-nav-large slider-nav-light slider-style-normal\"\n        data-flickity-options='{\n            \"cellAlign\": \"center\",\n            \"imagesLoaded\": true,\n            \"lazyLoad\": 1,\n            \"freeScroll\": false,\n            \"wrapAround\": true,\n            \"autoPlay\": 6000,\n            \"pauseAutoPlayOnHover\" : true,\n            \"prevNextButtons\": true,\n            \"contain\" : true,\n            \"adaptiveHeight\" : true,\n            \"dragThreshold\" : 10,\n            \"percentPosition\": true,\n            \"pageDots\": true,\n            \"rightToLeft\": false,\n            \"draggable\": true,\n            \"selectedAttraction\": 0.1,\n            \"parallax\" : 0,\n            \"friction\": 0.6        }'\n        >\n        \n\t<div class=\"img has-hover x md-x lg-x y md-y lg-y\" id=\"image_370644396\">\n\t\t\t\t\t\t\t\t<div class=\"img-inner image-cover dark\" style=\"padding-top:381px;\">\n\t\t\t<img fetchpriority=\"high\" decoding=\"async\" width=\"1020\" height=\"765\" src=\"https:\/\/cofarco.com.ar\/ar\/wp-content\/uploads\/2018\/10\/IMG_20180922_154336247_HDR-1067x800.jpg\" class=\"attachment-large size-large\" alt=\"\" srcset=\"https:\/\/cofarco.com.ar\/ar\/wp-content\/uploads\/2018\/10\/IMG_20180922_154336247_HDR-1067x800.jpg 1067w, https:\/\/cofarco.com.ar\/ar\/wp-content\/uploads\/2018\/10\/IMG_20180922_154336247_HDR-533x400.jpg 533w, https:\/\/cofarco.com.ar\/ar\/wp-content\/uploads\/2018\/10\/IMG_20180922_154336247_HDR-768x576.jpg 768w\" sizes=\"(max-width: 1020px) 100vw, 1020px\" \/>\t\t\t\t\t\t\n\t\t\t\t\t<\/div>\n\t\t\t\t\t\t\t\t\n<style scope=\"scope\">\n\n#image_370644396 {\n  width: 100%;\n}\n<\/style>\n\t<\/div>\n\t\n\n  <div class=\"banner has-hover has-parallax\" id=\"banner-345105584\">\n          <div class=\"banner-inner fill\">\n        <div class=\"banner-bg fill\" data-parallax=\"-7\" data-parallax-container=\".banner\" data-parallax-background>\n            <div class=\"bg fill bg-fill \"><\/div>\n                                    \n                    <\/div>\n        <div class=\"banner-layers container\">\n            <div class=\"fill banner-link\"><\/div>            \n   <div id=\"text-box-545146848\" class=\"text-box banner-layer x50 md-x50 lg-x50 y50 md-y50 lg-y50 res-text\">\n                                <div class=\"text dark\">\n              \n              <div class=\"text-inner text-center\">\n                  \n              <\/div>\n           <\/div>\n                            \n<style scope=\"scope\">\n\n#text-box-545146848 {\n  width: 60%;\n}\n#text-box-545146848 .text {\n  font-size: 100%;\n}\n<\/style>\n    <\/div>\n \n        <\/div>\n      <\/div>\n\n            \n<style scope=\"scope\">\n\n#banner-345105584 {\n  padding-top: 381px;\n}\n#banner-345105584 .bg.bg-loaded {\n  background-image: url(https:\/\/cofarco.com.ar\/ar\/wp-content\/uploads\/2018\/10\/corrientes-1400x788.jpg);\n}\n<\/style>\n  <\/div>\n\n\n\t<div class=\"img has-hover x md-x lg-x y md-y lg-y\" id=\"image_1638667997\">\n\t\t\t\t\t\t\t\t<div class=\"img-inner image-cover dark\" style=\"padding-top:381px;\">\n\t\t\t<img decoding=\"async\" width=\"800\" height=\"800\" src=\"https:\/\/cofarco.com.ar\/ar\/wp-content\/uploads\/2018\/09\/30830216_2028997540687280_7593645815919280128_n-800x800.jpg\" class=\"attachment-large size-large\" alt=\"\" srcset=\"https:\/\/cofarco.com.ar\/ar\/wp-content\/uploads\/2018\/09\/30830216_2028997540687280_7593645815919280128_n-800x800.jpg 800w, https:\/\/cofarco.com.ar\/ar\/wp-content\/uploads\/2018\/09\/30830216_2028997540687280_7593645815919280128_n-280x280.jpg 280w, https:\/\/cofarco.com.ar\/ar\/wp-content\/uploads\/2018\/09\/30830216_2028997540687280_7593645815919280128_n-400x400.jpg 400w, https:\/\/cofarco.com.ar\/ar\/wp-content\/uploads\/2018\/09\/30830216_2028997540687280_7593645815919280128_n-768x768.jpg 768w, https:\/\/cofarco.com.ar\/ar\/wp-content\/uploads\/2018\/09\/30830216_2028997540687280_7593645815919280128_n.jpg 1080w\" sizes=\"(max-width: 800px) 100vw, 800px\" \/>\t\t\t\t\t\t\n\t\t\t\t\t<\/div>\n\t\t\t\t\t\t\t\t\n<style scope=\"scope\">\n\n#image_1638667997 {\n  width: 100%;\n}\n<\/style>\n\t<\/div>\n\t\n\t<div class=\"img has-hover x md-x lg-x y md-y lg-y\" id=\"image_85984963\">\n\t\t\t\t\t\t\t\t<div class=\"img-inner image-cover dark\" style=\"padding-top:381px;\">\n\t\t\t<img decoding=\"async\" width=\"1020\" height=\"466\" src=\"https:\/\/cofarco.com.ar\/ar\/wp-content\/uploads\/2018\/09\/cofarco-local-1400x640.jpg\" class=\"attachment-large size-large\" alt=\"\" srcset=\"https:\/\/cofarco.com.ar\/ar\/wp-content\/uploads\/2018\/09\/cofarco-local-1400x640.jpg 1400w, https:\/\/cofarco.com.ar\/ar\/wp-content\/uploads\/2018\/09\/cofarco-local-800x366.jpg 800w, https:\/\/cofarco.com.ar\/ar\/wp-content\/uploads\/2018\/09\/cofarco-local-768x351.jpg 768w, https:\/\/cofarco.com.ar\/ar\/wp-content\/uploads\/2018\/09\/cofarco-local.jpg 1920w\" sizes=\"(max-width: 1020px) 100vw, 1020px\" \/>\t\t\t\t\t\t\n\t\t\t\t\t<\/div>\n\t\t\t\t\t\t\t\t\n<style scope=\"scope\">\n\n#image_85984963 {\n  width: 100%;\n}\n<\/style>\n\t<\/div>\n\t\n\t<div class=\"img has-hover x md-x lg-x y md-y lg-y\" id=\"image_169458241\">\n\t\t\t\t\t\t\t\t<div class=\"img-inner dark\" >\n\t\t\t<img loading=\"lazy\" decoding=\"async\" width=\"1020\" height=\"356\" src=\"https:\/\/cofarco.com.ar\/ar\/wp-content\/uploads\/2026\/03\/Cofarco-Banner-Web-JO-2025.jpg\" class=\"attachment-large size-large\" alt=\"\" \/>\t\t\t\t\t\t\n\t\t\t\t\t<\/div>\n\t\t\t\t\t\t\t\t\n<style scope=\"scope\">\n\n#image_169458241 {\n  width: 100%;\n}\n<\/style>\n\t<\/div>\n\t\n     <\/div>\n\n     <div class=\"loading-spin dark large centered\"><\/div>\n\n     <style scope=\"scope\">\n             <\/style>\n<\/div>\n\n\n\t<section class=\"section dark\" id=\"section_1533862419\">\n\t\t<div class=\"bg section-bg fill bg-fill  bg-loaded\" >\n\n\t\t\t\n\t\t\t\n\t\t\t\n\n\t\t<\/div>\n\n\t\t<div class=\"section-content relative\">\n\t\t\t\n<h3 style=\"text-align: center;\"><b>COFARCO, <\/b>en defensa de la pr\u00e1ctica profesional<\/h3>\n<div class=\"row row-collapse\"  id=\"row-272244413\">\n\n\t<div class=\"col medium-12 small-12 large-12\"  >\n\t\t<div class=\"col-inner text-center\"  >\n\t\t\t\n\t\t\t\n<a data-animate=\"fadeInLeft\" href=\"https:\/\/cofarco.com.ar\/ar\/quienes-somos\/\" target=\"_self\" class=\"button primary is-shade box-shadow-3 box-shadow-5-hover\"  style=\"border-radius:5px;\">\n    <span>Conozca m\u00e1s<\/span>\n  <i class=\"icon-angle-right\" ><\/i><\/a>\n\n\t\t<\/div>\n\t<\/div>\n\n\t\n\n<style scope=\"scope\">\n\n<\/style>\n<\/div>\n\t\t<\/div>\n\n\t\t\n<style scope=\"scope\">\n\n#section_1533862419 {\n  padding-top: 0px;\n  padding-bottom: 0px;\n  min-height: 176px;\n  background-color: rgb(45, 51, 75);\n}\n\n\n@media (min-width:850px) {\n\n  #section_1533862419 {\n    min-height: 167px;\n  }\n\n}\n<\/style>\n\t<\/section>\n\t\n\t<section class=\"section\" id=\"section_2107957384\">\n\t\t<div class=\"bg section-bg fill bg-fill  bg-loaded\" >\n\n\t\t\t\n\t\t\t\n\t\t\t\n\n\t\t<\/div>\n\n\t\t<div class=\"section-content relative\">\n\t\t\t\n<div class=\"row row-large align-center row-divided\"  id=\"row-549522910\">\n\n\t<div class=\"col medium-4 small-12 large-4\"  >\n\t\t<div class=\"col-inner text-center\"  >\n\t\t\t\n\t\t\t\n<h3>BENEFICIOS PARA FARMAC\u00c9UTICOS<\/h3>\n<p>Sumamos descuentos y beneficios para nuestros asociados. \u00a1Entr\u00e1 y enterate de m\u00e1s!<\/p>\n<a href=\"https:\/\/cofarco.com.ar\/ar\/beneficios\/\" target=\"_self\" class=\"button primary is-shade box-shadow-3 box-shadow-5-hover lowercase\"  style=\"border-radius:5px;\">\n    <span>Beneficios<\/span>\n  <i class=\"icon-angle-right\" ><\/i><\/a>\n\n\t\t<\/div>\n\t<\/div>\n\n\t\n\n\t<div class=\"col medium-4 small-12 large-4\"  >\n\t\t<div class=\"col-inner text-center\"  >\n\t\t\t\n\t\t\t\n<h3>CERTIFICACI\u00d3N Y RECERTIFICACI\u00d3N<\/h3>\n<p>Enterate cuando son los nuevos llamados a certificaci\u00f3n y todo los referente a requisitos y tramites.<\/p>\n<a href=\"https:\/\/cofarco.com.ar\/ar\/certificacion-y-recertificacion\/\" target=\"_self\" class=\"button primary is-shade box-shadow-3 box-shadow-5-hover lowercase\"  style=\"border-radius:5px;\">\n    <span>Requisitos y Tr\u00e1mites<\/span>\n  <i class=\"icon-angle-right\" ><\/i><\/a>\n\n\t\t<\/div>\n\t<\/div>\n\n\t\n\n\t<div class=\"col medium-4 small-12 large-4\"  >\n\t\t<div class=\"col-inner text-center\"  >\n\t\t\t\n\t\t\t\n<h3>BOLSA DE TRABAJO<br \/>\nCOFARCO<\/h3>\n<p>Listado de nuestras ofertas laborales, d\u00f3nde pod\u00e9s postularte online al puesto que m\u00e1s te interese.<\/p>\n<a href=\"https:\/\/cofarco.com.ar\/ar\/bolsa-de-trabajo\/\" target=\"_self\" class=\"button primary is-shade box-shadow-3 box-shadow-5-hover lowercase\"  style=\"border-radius:5px;\">\n    <span>Ofertas Laborales<\/span>\n  <i class=\"icon-angle-right\" ><\/i><\/a>\n\n\t\t<\/div>\n\t<\/div>\n\n\t\n\n<style scope=\"scope\">\n\n<\/style>\n<\/div>\n\t\t<\/div>\n\n\t\t\n<style scope=\"scope\">\n\n#section_2107957384 {\n  padding-top: 30px;\n  padding-bottom: 30px;\n  background-color: rgb(255, 255, 255);\n}\n<\/style>\n\t<\/section>\n\t\n\t<section class=\"section\" id=\"section_111704097\">\n\t\t<div class=\"bg section-bg fill bg-fill  bg-loaded\" >\n\n\t\t\t\n\t\t\t<div class=\"section-bg-overlay absolute fill\"><\/div>\n\t\t\t\n\t<div class=\"is-border\"\n\t\tstyle=\"border-width:1px 0px 1px 0px;\">\n\t<\/div>\n\n\t\t<\/div>\n\n\t\t<div class=\"section-content relative\">\n\t\t\t\n<div class=\"row\"  id=\"row-958494085\">\n\n\t<div class=\"col medium-7 small-12 large-7\"  >\n\t\t<div class=\"col-inner\"  >\n\t\t\t\n\t\t\t\n<div class=\"container section-title-container\" ><h3 class=\"section-title section-title-normal\"><b><\/b><span class=\"section-title-main\" >Cursos y Capacitaci\u00f3n<\/span><b><\/b><\/h3><\/div>\n\n  \n    <div id=\"row-193773063\" class=\"slider slider-auto-height row-collapse slider-nav-circle\" data-flickity-options='{\"imagesLoaded\": true, \"dragThreshold\" : 5, \"cellAlign\": \"left\",\"wrapAround\": true,\"prevNextButtons\": true,\"percentPosition\": true,\"pageDots\": false, \"rightToLeft\": false, \"autoPlay\" : 2000}'>\n\n  \t\t<div class=\"col post-item\" >\n\t\t\t<div class=\"col-inner\">\n\t\t\t<a href=\"https:\/\/cofarco.com.ar\/ar\/2026\/07\/13\/apertura-de-inscripciones-jornadas-de-cicatrizacion-de-heridas-del-nea-aiach\/\" class=\"plain\">\n\t\t\t\t<div class=\"box box-bounce box-text-bottom box-blog-post has-hover\">\n            \t\t\t\t\t<div class=\"box-image\" >\n  \t\t\t\t\t\t<div class=\"image-overlay-remove image-cover\" style=\"padding-top:50%;\">\n  \t\t\t\t\t\t\t<img loading=\"lazy\" decoding=\"async\" width=\"600\" height=\"400\" src=\"https:\/\/cofarco.com.ar\/ar\/wp-content\/uploads\/2026\/07\/Banner-Protada-Cofarco-600-x-400-px-1.jpg\" class=\"attachment-large size-large wp-post-image\" alt=\"\" \/>  \t\t\t\t\t\t\t<div class=\"overlay\" style=\"background-color: rgba(22, 81, 43, 0)\"><\/div>  \t\t\t\t\t\t\t  \t\t\t\t\t\t<\/div>\n  \t\t\t\t\t\t  \t\t\t\t\t<\/div>\n          \t\t\t\t\t<div class=\"box-text text-center is-large\" style=\"padding:10% 0px 10% 0px;\">\n\t\t\t\t\t<div class=\"box-text-inner blog-post-inner\">\n\n\t\t\t\t\t\n\t\t\t\t\t\t\t\t\t\t\t<p class=\"cat-label tag-label is-xxsmall op-7 uppercase\">\n\t\t\t\t\tCursos y Capacitaci\u00f3n \t\t\t\t\t<\/p>\n\t\t\t\t\t\t\t\t\t\t<h5 class=\"post-title is-large \">APERTURA DE INSCRIPCIONES &#8211; JORNADAS DE CICATRIZACI\u00d3N DE HERIDAS DEL NEA (AIACH)<\/h5>\n\t\t\t\t\t\t\t\t\t\t<div class=\"is-divider\"><\/div>\n\t\t\t\t\t                    \n\t\t\t\t\t\t\t\t\t\t\t<button href=\"https:\/\/cofarco.com.ar\/ar\/2026\/07\/13\/apertura-de-inscripciones-jornadas-de-cicatrizacion-de-heridas-del-nea-aiach\/\" class=\"button  is-shade is-small mb-0\">\n\t\t\t\t\t\t\tleer m\u00e1s...\t\t\t\t\t\t<\/button>\n\t\t\t\t\t\n\t\t\t\t\t\n\t\t\t\t\t<\/div>\n\t\t\t\t\t<\/div>\n\t\t\t\t\t\t\t\t\t\t\t\t\t\t\t\t<div class=\"badge absolute top post-date badge-circle-inside\">\n\t\t\t\t\t\t\t<div class=\"badge-inner\">\n\t\t\t\t\t\t\t\t<span class=\"post-date-day\">13<\/span><br>\n\t\t\t\t\t\t\t\t<span class=\"post-date-month is-xsmall\">Jul<\/span>\n\t\t\t\t\t\t\t<\/div>\n\t\t\t\t\t\t<\/div>\n\t\t\t\t\t\t\t\t\t<\/div>\n\t\t\t\t<\/a>\n\t\t\t<\/div>\n\t\t<\/div>\n\t\t<div class=\"col post-item\" >\n\t\t\t<div class=\"col-inner\">\n\t\t\t<a href=\"https:\/\/cofarco.com.ar\/ar\/2026\/05\/22\/capacitacion-virtual-sifilis-diagnostico-tratamiento-y-prevencion\/\" class=\"plain\">\n\t\t\t\t<div class=\"box box-bounce box-text-bottom box-blog-post has-hover\">\n            \t\t\t\t\t<div class=\"box-image\" >\n  \t\t\t\t\t\t<div class=\"image-overlay-remove image-cover\" style=\"padding-top:50%;\">\n  \t\t\t\t\t\t\t<img loading=\"lazy\" decoding=\"async\" width=\"330\" height=\"185\" src=\"https:\/\/cofarco.com.ar\/ar\/wp-content\/uploads\/2026\/05\/Banner-Protada-Cofarco-3.jpg\" class=\"attachment-large size-large wp-post-image\" alt=\"\" \/>  \t\t\t\t\t\t\t<div class=\"overlay\" style=\"background-color: rgba(22, 81, 43, 0)\"><\/div>  \t\t\t\t\t\t\t  \t\t\t\t\t\t<\/div>\n  \t\t\t\t\t\t  \t\t\t\t\t<\/div>\n          \t\t\t\t\t<div class=\"box-text text-center is-large\" style=\"padding:10% 0px 10% 0px;\">\n\t\t\t\t\t<div class=\"box-text-inner blog-post-inner\">\n\n\t\t\t\t\t\n\t\t\t\t\t\t\t\t\t\t\t<p class=\"cat-label tag-label is-xxsmall op-7 uppercase\">\n\t\t\t\t\tCursos y Capacitaci\u00f3n \t\t\t\t\t<\/p>\n\t\t\t\t\t\t\t\t\t\t<h5 class=\"post-title is-large \">Capacitaci\u00f3n virtual: S\u00edfilis \u2013 diagn\u00f3stico, tratamiento y prevenci\u00f3n<\/h5>\n\t\t\t\t\t\t\t\t\t\t<div class=\"is-divider\"><\/div>\n\t\t\t\t\t                    \n\t\t\t\t\t\t\t\t\t\t\t<button href=\"https:\/\/cofarco.com.ar\/ar\/2026\/05\/22\/capacitacion-virtual-sifilis-diagnostico-tratamiento-y-prevencion\/\" class=\"button  is-shade is-small mb-0\">\n\t\t\t\t\t\t\tleer m\u00e1s...\t\t\t\t\t\t<\/button>\n\t\t\t\t\t\n\t\t\t\t\t\n\t\t\t\t\t<\/div>\n\t\t\t\t\t<\/div>\n\t\t\t\t\t\t\t\t\t\t\t\t\t\t\t\t<div class=\"badge absolute top post-date badge-circle-inside\">\n\t\t\t\t\t\t\t<div class=\"badge-inner\">\n\t\t\t\t\t\t\t\t<span class=\"post-date-day\">22<\/span><br>\n\t\t\t\t\t\t\t\t<span class=\"post-date-month is-xsmall\">May<\/span>\n\t\t\t\t\t\t\t<\/div>\n\t\t\t\t\t\t<\/div>\n\t\t\t\t\t\t\t\t\t<\/div>\n\t\t\t\t<\/a>\n\t\t\t<\/div>\n\t\t<\/div>\n\t\t<div class=\"col post-item\" >\n\t\t\t<div class=\"col-inner\">\n\t\t\t<a href=\"https:\/\/cofarco.com.ar\/ar\/2026\/04\/30\/capacitacion-online-gestion-de-conversaciones-dificiles-en-farmacia\/\" class=\"plain\">\n\t\t\t\t<div class=\"box box-bounce box-text-bottom box-blog-post has-hover\">\n            \t\t\t\t\t<div class=\"box-image\" >\n  \t\t\t\t\t\t<div class=\"image-overlay-remove image-cover\" style=\"padding-top:50%;\">\n  \t\t\t\t\t\t\t<img loading=\"lazy\" decoding=\"async\" width=\"330\" height=\"185\" src=\"https:\/\/cofarco.com.ar\/ar\/wp-content\/uploads\/2026\/03\/Banner-Protada-Cofarco-2.jpg\" class=\"attachment-large size-large wp-post-image\" alt=\"\" \/>  \t\t\t\t\t\t\t<div class=\"overlay\" style=\"background-color: rgba(22, 81, 43, 0)\"><\/div>  \t\t\t\t\t\t\t  \t\t\t\t\t\t<\/div>\n  \t\t\t\t\t\t  \t\t\t\t\t<\/div>\n          \t\t\t\t\t<div class=\"box-text text-center is-large\" style=\"padding:10% 0px 10% 0px;\">\n\t\t\t\t\t<div class=\"box-text-inner blog-post-inner\">\n\n\t\t\t\t\t\n\t\t\t\t\t\t\t\t\t\t\t<p class=\"cat-label tag-label is-xxsmall op-7 uppercase\">\n\t\t\t\t\tCursos y Capacitaci\u00f3n \t\t\t\t\t<\/p>\n\t\t\t\t\t\t\t\t\t\t<h5 class=\"post-title is-large \">Capacitacion Online: Gesti\u00f3n de conversaciones dif\u00edciles en farmacia<\/h5>\n\t\t\t\t\t\t\t\t\t\t<div class=\"is-divider\"><\/div>\n\t\t\t\t\t                    \n\t\t\t\t\t\t\t\t\t\t\t<button href=\"https:\/\/cofarco.com.ar\/ar\/2026\/04\/30\/capacitacion-online-gestion-de-conversaciones-dificiles-en-farmacia\/\" class=\"button  is-shade is-small mb-0\">\n\t\t\t\t\t\t\tleer m\u00e1s...\t\t\t\t\t\t<\/button>\n\t\t\t\t\t\n\t\t\t\t\t\n\t\t\t\t\t<\/div>\n\t\t\t\t\t<\/div>\n\t\t\t\t\t\t\t\t\t\t\t\t\t\t\t\t<div class=\"badge absolute top post-date badge-circle-inside\">\n\t\t\t\t\t\t\t<div class=\"badge-inner\">\n\t\t\t\t\t\t\t\t<span class=\"post-date-day\">30<\/span><br>\n\t\t\t\t\t\t\t\t<span class=\"post-date-month is-xsmall\">Abr<\/span>\n\t\t\t\t\t\t\t<\/div>\n\t\t\t\t\t\t<\/div>\n\t\t\t\t\t\t\t\t\t<\/div>\n\t\t\t\t<\/a>\n\t\t\t<\/div>\n\t\t<\/div>\n\t\t<div class=\"col post-item\" >\n\t\t\t<div class=\"col-inner\">\n\t\t\t<a href=\"https:\/\/cofarco.com.ar\/ar\/2026\/04\/30\/curso-online-patologias-y-condiciones-de-la-piel-abordadas-desde-el-ambito-farmaceutico\/\" class=\"plain\">\n\t\t\t\t<div class=\"box box-bounce box-text-bottom box-blog-post has-hover\">\n            \t\t\t\t\t<div class=\"box-image\" >\n  \t\t\t\t\t\t<div class=\"image-overlay-remove image-cover\" style=\"padding-top:50%;\">\n  \t\t\t\t\t\t\t<img loading=\"lazy\" decoding=\"async\" width=\"330\" height=\"185\" src=\"https:\/\/cofarco.com.ar\/ar\/wp-content\/uploads\/2026\/04\/Banner-Protada-Cofarco-2.jpg\" class=\"attachment-large size-large wp-post-image\" alt=\"\" \/>  \t\t\t\t\t\t\t<div class=\"overlay\" style=\"background-color: rgba(22, 81, 43, 0)\"><\/div>  \t\t\t\t\t\t\t  \t\t\t\t\t\t<\/div>\n  \t\t\t\t\t\t  \t\t\t\t\t<\/div>\n          \t\t\t\t\t<div class=\"box-text text-center is-large\" style=\"padding:10% 0px 10% 0px;\">\n\t\t\t\t\t<div class=\"box-text-inner blog-post-inner\">\n\n\t\t\t\t\t\n\t\t\t\t\t\t\t\t\t\t\t<p class=\"cat-label tag-label is-xxsmall op-7 uppercase\">\n\t\t\t\t\tCursos y Capacitaci\u00f3n \t\t\t\t\t<\/p>\n\t\t\t\t\t\t\t\t\t\t<h5 class=\"post-title is-large \">Curso online: Patolog\u00edas y condiciones de la piel abordadas desde el \u00e1mbito farmac\u00e9utico<\/h5>\n\t\t\t\t\t\t\t\t\t\t<div class=\"is-divider\"><\/div>\n\t\t\t\t\t                    \n\t\t\t\t\t\t\t\t\t\t\t<button href=\"https:\/\/cofarco.com.ar\/ar\/2026\/04\/30\/curso-online-patologias-y-condiciones-de-la-piel-abordadas-desde-el-ambito-farmaceutico\/\" class=\"button  is-shade is-small mb-0\">\n\t\t\t\t\t\t\tleer m\u00e1s...\t\t\t\t\t\t<\/button>\n\t\t\t\t\t\n\t\t\t\t\t\n\t\t\t\t\t<\/div>\n\t\t\t\t\t<\/div>\n\t\t\t\t\t\t\t\t\t\t\t\t\t\t\t\t<div class=\"badge absolute top post-date badge-circle-inside\">\n\t\t\t\t\t\t\t<div class=\"badge-inner\">\n\t\t\t\t\t\t\t\t<span class=\"post-date-day\">30<\/span><br>\n\t\t\t\t\t\t\t\t<span class=\"post-date-month is-xsmall\">Abr<\/span>\n\t\t\t\t\t\t\t<\/div>\n\t\t\t\t\t\t<\/div>\n\t\t\t\t\t\t\t\t\t<\/div>\n\t\t\t\t<\/a>\n\t\t\t<\/div>\n\t\t<\/div>\n\t\t<div class=\"col post-item\" >\n\t\t\t<div class=\"col-inner\">\n\t\t\t<a href=\"https:\/\/cofarco.com.ar\/ar\/2026\/04\/27\/mediciones-eficientes-en-la-industria-farmaceutica-nueva-propuesta-de-formacion-virtual\/\" class=\"plain\">\n\t\t\t\t<div class=\"box box-bounce box-text-bottom box-blog-post has-hover\">\n          \t\t\t\t\t<div class=\"box-text text-center is-large\" style=\"padding:10% 0px 10% 0px;\">\n\t\t\t\t\t<div class=\"box-text-inner blog-post-inner\">\n\n\t\t\t\t\t\n\t\t\t\t\t\t\t\t\t\t\t<p class=\"cat-label tag-label is-xxsmall op-7 uppercase\">\n\t\t\t\t\tCursos y Capacitaci\u00f3n \t\t\t\t\t<\/p>\n\t\t\t\t\t\t\t\t\t\t<h5 class=\"post-title is-large \">Mediciones Eficientes en la Industria Farmac\u00e9utica: nueva propuesta de formaci\u00f3n virtual<\/h5>\n\t\t\t\t\t<div class=\"post-meta is-small op-8\">abril 27, 2026<\/div>\t\t\t\t\t<div class=\"is-divider\"><\/div>\n\t\t\t\t\t                    \n\t\t\t\t\t\t\t\t\t\t\t<button href=\"https:\/\/cofarco.com.ar\/ar\/2026\/04\/27\/mediciones-eficientes-en-la-industria-farmaceutica-nueva-propuesta-de-formacion-virtual\/\" class=\"button  is-shade is-small mb-0\">\n\t\t\t\t\t\t\tleer m\u00e1s...\t\t\t\t\t\t<\/button>\n\t\t\t\t\t\n\t\t\t\t\t\n\t\t\t\t\t<\/div>\n\t\t\t\t\t<\/div>\n\t\t\t\t\t\t\t\t\t<\/div>\n\t\t\t\t<\/a>\n\t\t\t<\/div>\n\t\t<\/div>\n<\/div>\n\t\t<\/div>\n\t<\/div>\n\n\t\n\n\t<div class=\"col medium-5 small-12 large-5\"  >\n\t\t<div class=\"col-inner text-left\"  >\n\t\t\t\n\t\t\t\n<div class=\"container section-title-container\" ><h3 class=\"section-title section-title-normal\"><b><\/b><span class=\"section-title-main\" >NOvedades<\/span><b><\/b><\/h3><\/div>\n\n  \n    <div class=\"row large-columns-1 medium-columns-1 small-columns-1\">\n  \t\t<div class=\"col post-item\" >\n\t\t\t<div class=\"col-inner\">\n\t\t\t<a href=\"https:\/\/cofarco.com.ar\/ar\/2026\/09\/01\/cofarco-presente-en-el-congreso-mundial-de-fip-2026\/\" class=\"plain\">\n\t\t\t\t<div class=\"box box-vertical box-text-bottom box-blog-post has-hover\">\n            \t\t\t\t\t<div class=\"box-image\" style=\"width:28%;\">\n  \t\t\t\t\t\t<div class=\"image-cover\" style=\"padding-top:100%;\">\n  \t\t\t\t\t\t\t<img loading=\"lazy\" decoding=\"async\" width=\"320\" height=\"400\" src=\"https:\/\/cofarco.com.ar\/ar\/wp-content\/uploads\/2026\/09\/3.jpg\" class=\"attachment-medium size-medium wp-post-image\" alt=\"\" \/>  \t\t\t\t\t\t\t  \t\t\t\t\t\t\t  \t\t\t\t\t\t<\/div>\n  \t\t\t\t\t\t  \t\t\t\t\t<\/div>\n          \t\t\t\t\t<div class=\"box-text text-left\" >\n\t\t\t\t\t<div class=\"box-text-inner blog-post-inner\">\n\n\t\t\t\t\t\n\t\t\t\t\t\t\t\t\t\t<h5 class=\"post-title is-large \">COFARCO presente en el Congreso Mundial de FIP 2026<\/h5>\n\t\t\t\t\t\t\t\t\t\t<div class=\"is-divider\"><\/div>\n\t\t\t\t\t\t\t\t\t\t<p class=\"from_the_blog_excerpt \">La Farm. Desir\u00e9e Lancelle, presidente del Colegio [...]\t\t\t\t\t<\/p>\n\t\t\t\t\t                    \n\t\t\t\t\t\n\t\t\t\t\t\n\t\t\t\t\t<\/div>\n\t\t\t\t\t<\/div>\n\t\t\t\t\t\t\t\t\t\t\t\t\t\t\t\t<div class=\"badge absolute top post-date badge-circle\">\n\t\t\t\t\t\t\t<div class=\"badge-inner\">\n\t\t\t\t\t\t\t\t<span class=\"post-date-day\">01<\/span><br>\n\t\t\t\t\t\t\t\t<span class=\"post-date-month is-xsmall\">Sep<\/span>\n\t\t\t\t\t\t\t<\/div>\n\t\t\t\t\t\t<\/div>\n\t\t\t\t\t\t\t\t\t<\/div>\n\t\t\t\t<\/a>\n\t\t\t<\/div>\n\t\t<\/div>\n\t\t<div class=\"col post-item\" >\n\t\t\t<div class=\"col-inner\">\n\t\t\t<a href=\"https:\/\/cofarco.com.ar\/ar\/2026\/08\/31\/orgullo-farmaceutico-correntino-profesionales-de-nuestra-provincia-integran-el-comite-de-expertos-de-cofa\/\" class=\"plain\">\n\t\t\t\t<div class=\"box box-vertical box-text-bottom box-blog-post has-hover\">\n            \t\t\t\t\t<div class=\"box-image\" style=\"width:28%;\">\n  \t\t\t\t\t\t<div class=\"image-cover\" style=\"padding-top:100%;\">\n  \t\t\t\t\t\t\t<img loading=\"lazy\" decoding=\"async\" width=\"320\" height=\"400\" src=\"https:\/\/cofarco.com.ar\/ar\/wp-content\/uploads\/2026\/08\/Comite-de-Expertos-de-COFA.jpg\" class=\"attachment-medium size-medium wp-post-image\" alt=\"\" \/>  \t\t\t\t\t\t\t  \t\t\t\t\t\t\t  \t\t\t\t\t\t<\/div>\n  \t\t\t\t\t\t  \t\t\t\t\t<\/div>\n          \t\t\t\t\t<div class=\"box-text text-left\" >\n\t\t\t\t\t<div class=\"box-text-inner blog-post-inner\">\n\n\t\t\t\t\t\n\t\t\t\t\t\t\t\t\t\t<h5 class=\"post-title is-large \">Orgullo farmac\u00e9utico correntino: profesionales de nuestra provincia integran el Comit\u00e9 de Expertos de COFA<\/h5>\n\t\t\t\t\t\t\t\t\t\t<div class=\"is-divider\"><\/div>\n\t\t\t\t\t\t\t\t\t\t<p class=\"from_the_blog_excerpt \">El Colegio de Farmac\u00e9uticos de Corrientes felicita [...]\t\t\t\t\t<\/p>\n\t\t\t\t\t                    \n\t\t\t\t\t\n\t\t\t\t\t\n\t\t\t\t\t<\/div>\n\t\t\t\t\t<\/div>\n\t\t\t\t\t\t\t\t\t\t\t\t\t\t\t\t<div class=\"badge absolute top post-date badge-circle\">\n\t\t\t\t\t\t\t<div class=\"badge-inner\">\n\t\t\t\t\t\t\t\t<span class=\"post-date-day\">31<\/span><br>\n\t\t\t\t\t\t\t\t<span class=\"post-date-month is-xsmall\">Ago<\/span>\n\t\t\t\t\t\t\t<\/div>\n\t\t\t\t\t\t<\/div>\n\t\t\t\t\t\t\t\t\t<\/div>\n\t\t\t\t<\/a>\n\t\t\t<\/div>\n\t\t<\/div>\n\t\t<div class=\"col post-item\" >\n\t\t\t<div class=\"col-inner\">\n\t\t\t<a href=\"https:\/\/cofarco.com.ar\/ar\/2026\/07\/07\/cierres-pami-ambulatorio-y-pami-suplementos-nutricionales-1-y-2-quincenas-de-julio-a-diciembre-del-2-026\/\" class=\"plain\">\n\t\t\t\t<div class=\"box box-vertical box-text-bottom box-blog-post has-hover\">\n            \t\t\t\t\t<div class=\"box-image\" style=\"width:28%;\">\n  \t\t\t\t\t\t<div class=\"image-cover\" style=\"padding-top:100%;\">\n  \t\t\t\t\t\t\t<img loading=\"lazy\" decoding=\"async\" width=\"600\" height=\"400\" src=\"https:\/\/cofarco.com.ar\/ar\/wp-content\/uploads\/2026\/07\/Banner-Protada-Cofarco-600-x-400-px-2.jpg\" class=\"attachment-medium size-medium wp-post-image\" alt=\"\" \/>  \t\t\t\t\t\t\t  \t\t\t\t\t\t\t  \t\t\t\t\t\t<\/div>\n  \t\t\t\t\t\t  \t\t\t\t\t<\/div>\n          \t\t\t\t\t<div class=\"box-text text-left\" >\n\t\t\t\t\t<div class=\"box-text-inner blog-post-inner\">\n\n\t\t\t\t\t\n\t\t\t\t\t\t\t\t\t\t<h5 class=\"post-title is-large \">Cierres: Pami Ambulatorio y Pami Suplementos Nutricionales &#8211; 1\u00b0 y 2\u00b0 Quincenas de Julio a Diciembre del 2.026<\/h5>\n\t\t\t\t\t\t\t\t\t\t<div class=\"is-divider\"><\/div>\n\t\t\t\t\t\t\t\t\t\t<p class=\"from_the_blog_excerpt \">Cierres: Pami Ambulatorio (realizar el registro de [...]\t\t\t\t\t<\/p>\n\t\t\t\t\t                    \n\t\t\t\t\t\n\t\t\t\t\t\n\t\t\t\t\t<\/div>\n\t\t\t\t\t<\/div>\n\t\t\t\t\t\t\t\t\t\t\t\t\t\t\t\t<div class=\"badge absolute top post-date badge-circle\">\n\t\t\t\t\t\t\t<div class=\"badge-inner\">\n\t\t\t\t\t\t\t\t<span class=\"post-date-day\">07<\/span><br>\n\t\t\t\t\t\t\t\t<span class=\"post-date-month is-xsmall\">Jul<\/span>\n\t\t\t\t\t\t\t<\/div>\n\t\t\t\t\t\t<\/div>\n\t\t\t\t\t\t\t\t\t<\/div>\n\t\t\t\t<\/a>\n\t\t\t<\/div>\n\t\t<\/div>\n<\/div>\n\t\t<\/div>\n\t<\/div>\n\n\t\n<\/div>\n\t\t<\/div>\n\n\t\t\n<style scope=\"scope\">\n\n#section_111704097 {\n  padding-top: 40px;\n  padding-bottom: 40px;\n  background-color: rgb(221, 221, 221);\n}\n#section_111704097 .section-bg-overlay {\n  background-color: rgba(255, 255, 255, 0.85);\n}\n<\/style>\n\t<\/section>\n\t\n\n  <div class=\"banner has-hover has-parallax\" id=\"banner-2127152293\">\n          <div class=\"banner-inner fill\">\n        <div class=\"banner-bg fill\" data-parallax=\"-8\" data-parallax-container=\".banner\" data-parallax-background>\n            <div class=\"bg fill bg-fill \"><\/div>\n                        <div class=\"overlay\"><\/div>            \n                    <\/div>\n        <div class=\"banner-layers container\">\n            <div class=\"fill banner-link\"><\/div>            \n   <div id=\"text-box-488891218\" class=\"text-box banner-layer x50 md-x50 lg-x50 y50 md-y50 lg-y50 res-text\">\n                                <div class=\"text dark\">\n              \n              <div class=\"text-inner text-center\">\n                  \n\t<div id=\"gap-1574575819\" class=\"gap-element clearfix\" style=\"display:block; height:auto;\">\n\t\t\n<style scope=\"scope\">\n\n#gap-1574575819 {\n  padding-top: 22px;\n}\n<\/style>\n\t<\/div>\n\t\n<h3 class=\"uppercase\"><strong>newsletter<\/strong><\/h3>\n<p>Subscribite a nuestro Bolet\u00edn y recib\u00ed todas las novedades del Colegio en tu casilla de email.<\/p>\n\n<div class=\"wpcf7 no-js\" id=\"wpcf7-f9-o1\" lang=\"en-US\" dir=\"ltr\" data-wpcf7-id=\"9\">\n<div class=\"screen-reader-response\"><p role=\"status\" aria-live=\"polite\" aria-atomic=\"true\"><\/p> <ul><\/ul><\/div>\n<form action=\"\/ar\/wp-json\/wp\/v2\/pages\/49#wpcf7-f9-o1\" method=\"post\" class=\"wpcf7-form init\" aria-label=\"Contact form\" novalidate=\"novalidate\" data-status=\"init\">\n<fieldset class=\"hidden-fields-container\"><input type=\"hidden\" name=\"_wpcf7\" value=\"9\" \/><input type=\"hidden\" name=\"_wpcf7_version\" value=\"6.1.7\" \/><input type=\"hidden\" name=\"_wpcf7_locale\" value=\"en_US\" \/><input type=\"hidden\" name=\"_wpcf7_unit_tag\" value=\"wpcf7-f9-o1\" \/><input type=\"hidden\" name=\"_wpcf7_container_post\" value=\"0\" \/><input type=\"hidden\" name=\"_wpcf7_posted_data_hash\" value=\"\" \/>\n<\/fieldset>\n<div class=\"flex-row form-flat medium-flex-wrap\">\n\t<div class=\"flex-col flex-grow\">\n\t\t<p><span class=\"wpcf7-form-control-wrap\" data-name=\"your-email\"><input size=\"40\" maxlength=\"400\" class=\"wpcf7-form-control wpcf7-email wpcf7-validates-as-required wpcf7-text wpcf7-validates-as-email\" aria-required=\"true\" aria-invalid=\"false\" placeholder=\"Su Email (requerido)\" value=\"\" type=\"email\" name=\"your-email\" \/><\/span>\n\t\t<\/p>\n\t<\/div>\n\t<div class=\"flex-col ml-half\">\n\t\t<p><input class=\"wpcf7-form-control wpcf7-submit has-spinner button\" type=\"submit\" value=\"Registrarme\" \/>\n\t\t<\/p>\n\t<\/div>\n<\/div><div class=\"wpcf7-response-output\" aria-hidden=\"true\"><\/div>\n<\/form>\n<\/div>\n\n              <\/div>\n           <\/div>\n                            \n<style scope=\"scope\">\n\n#text-box-488891218 {\n  width: 60%;\n}\n#text-box-488891218 .text {\n  font-size: 100%;\n}\n<\/style>\n    <\/div>\n \n        <\/div>\n      <\/div>\n\n            \n<style scope=\"scope\">\n\n#banner-2127152293 {\n  padding-top: 237px;\n}\n#banner-2127152293 .bg.bg-loaded {\n  background-image: url(https:\/\/cofarco.com.ar\/ar\/wp-content\/uploads\/2018\/09\/0a4592d2eab7c4b2d27b88d8f30dd62a-1.jpg);\n}\n#banner-2127152293 .overlay {\n  background-color: rgba(0,0,0,.5);\n}\n<\/style>\n  <\/div>\n\n\n","protected":false},"excerpt":{"rendered":"","protected":false},"author":1,"featured_media":0,"parent":0,"menu_order":1,"comment_status":"closed","ping_status":"closed","template":"page-blank.php","meta":{"footnotes":""},"class_list":["post-49","page","type-page","status-publish","hentry"],"_links":{"self":[{"href":"https:\/\/cofarco.com.ar\/ar\/wp-json\/wp\/v2\/pages\/49","targetHints":{"allow":["GET"]}}],"collection":[{"href":"https:\/\/cofarco.com.ar\/ar\/wp-json\/wp\/v2\/pages"}],"about":[{"href":"https:\/\/cofarco.com.ar\/ar\/wp-json\/wp\/v2\/types\/page"}],"author":[{"embeddable":true,"href":"https:\/\/cofarco.com.ar\/ar\/wp-json\/wp\/v2\/users\/1"}],"replies":[{"embeddable":true,"href":"https:\/\/cofarco.com.ar\/ar\/wp-json\/wp\/v2\/comments?post=49"}],"version-history":[{"count":73,"href":"https:\/\/cofarco.com.ar\/ar\/wp-json\/wp\/v2\/pages\/49\/revisions"}],"predecessor-version":[{"id":23341,"href":"https:\/\/cofarco.com.ar\/ar\/wp-json\/wp\/v2\/pages\/49\/revisions\/23341"}],"wp:attachment":[{"href":"https:\/\/cofarco.com.ar\/ar\/wp-json\/wp\/v2\/media?parent=49"}],"curies":[{"name":"wp","href":"https:\/\/api.w.org\/{rel}","templated":true}]}}